{"id":4510,"date":"2026-02-01T19:22:13","date_gmt":"2026-02-01T16:22:13","guid":{"rendered":"https:\/\/yazaryolu.com\/?post_type=product&#038;p=4510"},"modified":"2026-02-01T19:22:13","modified_gmt":"2026-02-01T16:22:13","slug":"dogu-ve-guneydogunun-kurtulus-destani","status":"publish","type":"product","link":"https:\/\/yazaryolu.com\/?product=dogu-ve-guneydogunun-kurtulus-destani","title":{"rendered":"Do\u011fu ve G\u00fcneydo\u011fu\u2019nun Kurtulu\u015f Destan\u0131"},"content":{"rendered":"<h2><strong>DO\u011eU ve G\u00dcNEYDO\u011eU\u2019NUN KURTULU\u015e DESTANI<\/strong><\/h2>\n<p>K\u00f6t\u00fcl\u00fck\u00a0ve\u00a0iyilik\u00a0hep\u00a0vard\u0131r!<\/p>\n<p>Hangisini\u00a0beslersek o daha\u00a0b\u00fcy\u00fck\u00a0olur.<\/p>\n<p>K\u00f6t\u00fcl\u00fckten\u00a0beslenen\u00a0emperyalistler,<\/p>\n<p>S\u00f6m\u00fcrmek\u00a0istedikleri\u00a0\u00fclkelerin\u00a0insanlar\u0131n\u0131\u00a0birbirine\u00a0d\u00fc\u015f\u00fcrerek<\/p>\n<p>Ama\u00e7lar\u0131na\u00a0ula\u015f\u0131yorlar.<\/p>\n<p>Birbirlerine\u00a0d\u00fc\u015fman\u00a0ettikleri\u00a0toplum, birbirini\u00a0imha\u00a0etmeye\u00a0ba\u015flay\u0131nca,<\/p>\n<p>\u00d6nce\u00a0ekonomik\u00a0i\u015fgali, ard\u0131ndan\u00a0fiili\u00a0i\u015fgali\u00a0ger\u00e7ekle\u015ftiriyorlar.<\/p>\n<p>Bu\u00a0topraklar\u00a0\u00fczerinde\u00a0ya\u015fayan\u00a0herkes,<\/p>\n<p>Bu\u00a0sinsi\u00a0\u015feytan\u00a0oyununu\u00a0g\u00f6rmelidir.<\/p>\n<p>Tarih, ge\u00e7mi\u015fin gelece\u011fe hayk\u0131r\u0131\u015f\u0131d\u0131r.<\/p>\n<p>E\u011fer\u00a0biz, o sesi\u00a0duymazsak\u00a0ayn\u0131\u00a0ac\u0131lar\u0131\u00a0bir\u00a0daha\u00a0ya\u015far\u0131z.<\/p>\n<p>Vatan, bu\u00a0topraklar\u00a0\u00fczerinde\u00a0ya\u015fayanlar\u0131n ORTAK EV\u0130\u2019dir!<\/p>\n<p>Bu\u00a0topraklar\u00a0\u00fczerinde\u00a0ya\u015fayan\u00a0her\u00a0insan,<\/p>\n<p>K\u00f6keni\u00a0ne\u00a0olursa\u00a0olsun\u00a0karde\u015f\u00e7e\u00a0ya\u015famay\u0131\u00a0bilmelidir.<\/p>\n<p>Bu\u00a0eser, \u00fclkemizin\u00a0birli\u011fi\u00a0ve\u00a0dirli\u011fini\u00a0korumak\u00a0\u00fczere, tarihten\u00a0ders\u00a0almam\u0131z,\u00a0Emperyalistlerin\u00a0oyununa\u00a0gelmememiz\u00a0i\u00e7in\u00a0haz\u0131rland\u0131.<\/p>\n<p><strong>\u201cBiz\u00a0kimsenin\u00a0d\u00fc\u015fman\u0131\u00a0de\u011filiz, yaln\u0131z\u00a0insanl\u0131\u011f\u0131n\u00a0d\u00fc\u015fman\u0131\u00a0olanlar\u0131n\u00a0d\u00fc\u015fman\u0131y\u0131z.\u201d<\/strong><\/p>\n<p><strong>K.ATAT\u00dcRK<\/strong><\/p>\n<p>&nbsp;<\/p>\n<p><strong>\u00dcr\u00fcn Bilgileri :<\/strong><\/p>\n<p>160 Sayfa<\/p>\n<p>Renkli Ku\u015fe Ka\u011f\u0131t<\/p>\n<p>Kapak Ku\u015fe Selefonlu<\/p>\n<p>0.515 gr<\/p>\n<p>20.5 x 28.5<\/p>\n","protected":false},"excerpt":{"rendered":"<p>DO\u011eU ve G\u00dcNEYDO\u011eU\u2019NUN KURTULU\u015e DESTANI K\u00f6t\u00fcl\u00fck\u00a0ve\u00a0iyilik\u00a0hep\u00a0vard\u0131r! Hangisini\u00a0beslersek o daha\u00a0b\u00fcy\u00fck\u00a0olur. K\u00f6t\u00fcl\u00fckten\u00a0beslenen\u00a0emperyalistler, S\u00f6m\u00fcrmek\u00a0istedikleri\u00a0\u00fclkelerin\u00a0insanlar\u0131n\u0131\u00a0birbirine\u00a0d\u00fc\u015f\u00fcrerek Ama\u00e7lar\u0131na\u00a0ula\u015f\u0131yorlar. Birbirlerine\u00a0d\u00fc\u015fman\u00a0ettikleri\u00a0toplum, birbirini\u00a0imha\u00a0etmeye\u00a0ba\u015flay\u0131nca, \u00d6nce\u00a0ekonomik\u00a0i\u015fgali, ard\u0131ndan\u00a0fiili\u00a0i\u015fgali\u00a0ger\u00e7ekle\u015ftiriyorlar. Bu\u00a0topraklar\u00a0\u00fczerinde\u00a0ya\u015fayan\u00a0herkes, Bu\u00a0sinsi\u00a0\u015feytan\u00a0oyununu\u00a0g\u00f6rmelidir. Tarih, ge\u00e7mi\u015fin gelece\u011fe hayk\u0131r\u0131\u015f\u0131d\u0131r. E\u011fer\u00a0biz, o sesi\u00a0duymazsak\u00a0ayn\u0131\u00a0ac\u0131lar\u0131\u00a0bir\u00a0daha\u00a0ya\u015far\u0131z. Vatan, bu\u00a0topraklar\u00a0\u00fczerinde\u00a0ya\u015fayanlar\u0131n ORTAK EV\u0130\u2019dir! Bu\u00a0topraklar\u00a0\u00fczerinde\u00a0ya\u015fayan\u00a0her\u00a0insan, K\u00f6keni\u00a0ne\u00a0olursa\u00a0olsun\u00a0karde\u015f\u00e7e\u00a0ya\u015famay\u0131\u00a0bilmelidir. Bu\u00a0eser, \u00fclkemizin\u00a0birli\u011fi\u00a0ve\u00a0dirli\u011fini\u00a0korumak\u00a0\u00fczere, tarihten\u00a0ders\u00a0almam\u0131z,\u00a0Emperyalistlerin\u00a0oyununa\u00a0gelmememiz\u00a0i\u00e7in\u00a0haz\u0131rland\u0131. \u201cBiz\u00a0kimsenin\u00a0d\u00fc\u015fman\u0131\u00a0de\u011filiz, yaln\u0131z\u00a0insanl\u0131\u011f\u0131n\u00a0d\u00fc\u015fman\u0131\u00a0olanlar\u0131n\u00a0d\u00fc\u015fman\u0131y\u0131z.\u201d K.ATAT\u00dcRK &nbsp; \u00dcr\u00fcn Bilgileri : 160 Sayfa Renkli Ku\u015fe Ka\u011f\u0131t Kapak Ku\u015fe Selefonlu 0.515 gr 20.5 x 28.5<\/p>\n","protected":false},"featured_media":4511,"comment_status":"open","ping_status":"closed","template":"","meta":[],"product_brand":[281],"product_cat":[288],"product_tag":[298,303,301,304],"class_list":["post-4510","product","type-product","status-publish","has-post-thumbnail","product_brand-gunesyolu","product_cat-cizgi-roman","product_tag-10-yas","product_tag-belgesel-cizgi-roman","product_tag-cizgi-roman","product_tag-kurtulus-destanlari","first","instock","sale","shipping-taxable","purchasable","product-type-simple"],"yoast_head":"<!-- This site is optimized with the Yoast SEO plugin v28.4 - https:\/\/yoast.com\/product\/yoast-seo-wordpress\/ -->\n<title>Do\u011fu ve G\u00fcneydo\u011fu\u2019nun Kurtulu\u015f Destan\u0131 - Yazar Yolu<\/title>\n<meta name=\"robots\" content=\"index, follow, max-snippet:-1, max-image-preview:large, max-video-preview:-1\" \/>\n<link rel=\"canonical\" href=\"https:\/\/yazaryolu.com\/?product=dogu-ve-guneydogunun-kurtulus-destani\" \/>\n<meta property=\"og:locale\" content=\"tr_TR\" \/>\n<meta property=\"og:type\" content=\"article\" \/>\n<meta property=\"og:title\" content=\"Do\u011fu ve G\u00fcneydo\u011fu\u2019nun Kurtulu\u015f Destan\u0131 - Yazar Yolu\" \/>\n<meta property=\"og:description\" content=\"DO\u011eU ve G\u00dcNEYDO\u011eU\u2019NUN KURTULU\u015e DESTANI K\u00f6t\u00fcl\u00fck\u00a0ve\u00a0iyilik\u00a0hep\u00a0vard\u0131r! Hangisini\u00a0beslersek o daha\u00a0b\u00fcy\u00fck\u00a0olur. K\u00f6t\u00fcl\u00fckten\u00a0beslenen\u00a0emperyalistler, S\u00f6m\u00fcrmek\u00a0istedikleri\u00a0\u00fclkelerin\u00a0insanlar\u0131n\u0131\u00a0birbirine\u00a0d\u00fc\u015f\u00fcrerek Ama\u00e7lar\u0131na\u00a0ula\u015f\u0131yorlar. Birbirlerine\u00a0d\u00fc\u015fman\u00a0ettikleri\u00a0toplum, birbirini\u00a0imha\u00a0etmeye\u00a0ba\u015flay\u0131nca, \u00d6nce\u00a0ekonomik\u00a0i\u015fgali, ard\u0131ndan\u00a0fiili\u00a0i\u015fgali\u00a0ger\u00e7ekle\u015ftiriyorlar. Bu\u00a0topraklar\u00a0\u00fczerinde\u00a0ya\u015fayan\u00a0herkes, Bu\u00a0sinsi\u00a0\u015feytan\u00a0oyununu\u00a0g\u00f6rmelidir. Tarih, ge\u00e7mi\u015fin gelece\u011fe hayk\u0131r\u0131\u015f\u0131d\u0131r. E\u011fer\u00a0biz, o sesi\u00a0duymazsak\u00a0ayn\u0131\u00a0ac\u0131lar\u0131\u00a0bir\u00a0daha\u00a0ya\u015far\u0131z. Vatan, bu\u00a0topraklar\u00a0\u00fczerinde\u00a0ya\u015fayanlar\u0131n ORTAK EV\u0130\u2019dir! Bu\u00a0topraklar\u00a0\u00fczerinde\u00a0ya\u015fayan\u00a0her\u00a0insan, K\u00f6keni\u00a0ne\u00a0olursa\u00a0olsun\u00a0karde\u015f\u00e7e\u00a0ya\u015famay\u0131\u00a0bilmelidir. Bu\u00a0eser, \u00fclkemizin\u00a0birli\u011fi\u00a0ve\u00a0dirli\u011fini\u00a0korumak\u00a0\u00fczere, tarihten\u00a0ders\u00a0almam\u0131z,\u00a0Emperyalistlerin\u00a0oyununa\u00a0gelmememiz\u00a0i\u00e7in\u00a0haz\u0131rland\u0131. \u201cBiz\u00a0kimsenin\u00a0d\u00fc\u015fman\u0131\u00a0de\u011filiz, yaln\u0131z\u00a0insanl\u0131\u011f\u0131n\u00a0d\u00fc\u015fman\u0131\u00a0olanlar\u0131n\u00a0d\u00fc\u015fman\u0131y\u0131z.\u201d K.ATAT\u00dcRK &nbsp; \u00dcr\u00fcn Bilgileri : 160 Sayfa Renkli Ku\u015fe Ka\u011f\u0131t Kapak Ku\u015fe Selefonlu 0.515 gr 20.5 x 28.5\" \/>\n<meta property=\"og:url\" content=\"https:\/\/yazaryolu.com\/?product=dogu-ve-guneydogunun-kurtulus-destani\" \/>\n<meta property=\"og:site_name\" content=\"Yazar Yolu\" \/>\n<meta property=\"og:image\" content=\"https:\/\/yazaryolu.com\/wp-content\/uploads\/2026\/02\/guneydogu.jpg\" \/>\n\t<meta property=\"og:image:width\" content=\"800\" \/>\n\t<meta property=\"og:image:height\" content=\"800\" \/>\n\t<meta property=\"og:image:type\" content=\"image\/jpeg\" \/>\n<meta name=\"twitter:card\" content=\"summary_large_image\" \/>\n<meta name=\"twitter:label1\" content=\"Tahmini okuma s\u00fcresi\" \/>\n\t<meta name=\"twitter:data1\" content=\"1 dakika\" \/>\n<script type=\"application\/ld+json\" class=\"yoast-schema-graph\">{\"@context\":\"https:\\\/\\\/schema.org\",\"@graph\":[{\"@type\":\"WebPage\",\"@id\":\"https:\\\/\\\/yazaryolu.com\\\/?product=dogu-ve-guneydogunun-kurtulus-destani\",\"url\":\"https:\\\/\\\/yazaryolu.com\\\/?product=dogu-ve-guneydogunun-kurtulus-destani\",\"name\":\"Do\u011fu ve G\u00fcneydo\u011fu\u2019nun Kurtulu\u015f Destan\u0131 - Yazar Yolu\",\"isPartOf\":{\"@id\":\"https:\\\/\\\/yazaryolu.com\\\/#website\"},\"primaryImageOfPage\":{\"@id\":\"https:\\\/\\\/yazaryolu.com\\\/?product=dogu-ve-guneydogunun-kurtulus-destani#primaryimage\"},\"image\":{\"@id\":\"https:\\\/\\\/yazaryolu.com\\\/?product=dogu-ve-guneydogunun-kurtulus-destani#primaryimage\"},\"thumbnailUrl\":\"https:\\\/\\\/yazaryolu.com\\\/wp-content\\\/uploads\\\/2026\\\/02\\\/guneydogu.jpg\",\"datePublished\":\"2026-02-01T16:22:13+00:00\",\"breadcrumb\":{\"@id\":\"https:\\\/\\\/yazaryolu.com\\\/?product=dogu-ve-guneydogunun-kurtulus-destani#breadcrumb\"},\"inLanguage\":\"tr\",\"potentialAction\":[{\"@type\":\"ReadAction\",\"target\":[\"https:\\\/\\\/yazaryolu.com\\\/?product=dogu-ve-guneydogunun-kurtulus-destani\"]}]},{\"@type\":\"ImageObject\",\"inLanguage\":\"tr\",\"@id\":\"https:\\\/\\\/yazaryolu.com\\\/?product=dogu-ve-guneydogunun-kurtulus-destani#primaryimage\",\"url\":\"https:\\\/\\\/yazaryolu.com\\\/wp-content\\\/uploads\\\/2026\\\/02\\\/guneydogu.jpg\",\"contentUrl\":\"https:\\\/\\\/yazaryolu.com\\\/wp-content\\\/uploads\\\/2026\\\/02\\\/guneydogu.jpg\",\"width\":800,\"height\":800},{\"@type\":\"BreadcrumbList\",\"@id\":\"https:\\\/\\\/yazaryolu.com\\\/?product=dogu-ve-guneydogunun-kurtulus-destani#breadcrumb\",\"itemListElement\":[{\"@type\":\"ListItem\",\"position\":1,\"name\":\"Anasayfa\",\"item\":\"https:\\\/\\\/yazaryolu.com\\\/\"},{\"@type\":\"ListItem\",\"position\":2,\"name\":\"Ma\u011faza\",\"item\":\"https:\\\/\\\/yazaryolu.com\\\/?page_id=10\"},{\"@type\":\"ListItem\",\"position\":3,\"name\":\"Do\u011fu ve G\u00fcneydo\u011fu\u2019nun Kurtulu\u015f Destan\u0131\"}]},{\"@type\":\"WebSite\",\"@id\":\"https:\\\/\\\/yazaryolu.com\\\/#website\",\"url\":\"https:\\\/\\\/yazaryolu.com\\\/\",\"name\":\"Yazar Yolu\",\"description\":\"Yazarl\u0131k Yolculu\u011funuzun Ba\u015flad\u0131\u011f\u0131 Yer\",\"potentialAction\":[{\"@type\":\"SearchAction\",\"target\":{\"@type\":\"EntryPoint\",\"urlTemplate\":\"https:\\\/\\\/yazaryolu.com\\\/?s={search_term_string}\"},\"query-input\":{\"@type\":\"PropertyValueSpecification\",\"valueRequired\":true,\"valueName\":\"search_term_string\"}}],\"inLanguage\":\"tr\"}]}<\/script>\n<!-- \/ Yoast SEO plugin. -->","yoast_head_json":{"title":"Do\u011fu ve G\u00fcneydo\u011fu\u2019nun Kurtulu\u015f Destan\u0131 - Yazar Yolu","robots":{"index":"index","follow":"follow","max-snippet":"max-snippet:-1","max-image-preview":"max-image-preview:large","max-video-preview":"max-video-preview:-1"},"canonical":"https:\/\/yazaryolu.com\/?product=dogu-ve-guneydogunun-kurtulus-destani","og_locale":"tr_TR","og_type":"article","og_title":"Do\u011fu ve G\u00fcneydo\u011fu\u2019nun Kurtulu\u015f Destan\u0131 - Yazar Yolu","og_description":"DO\u011eU ve G\u00dcNEYDO\u011eU\u2019NUN KURTULU\u015e DESTANI K\u00f6t\u00fcl\u00fck\u00a0ve\u00a0iyilik\u00a0hep\u00a0vard\u0131r! Hangisini\u00a0beslersek o daha\u00a0b\u00fcy\u00fck\u00a0olur. K\u00f6t\u00fcl\u00fckten\u00a0beslenen\u00a0emperyalistler, S\u00f6m\u00fcrmek\u00a0istedikleri\u00a0\u00fclkelerin\u00a0insanlar\u0131n\u0131\u00a0birbirine\u00a0d\u00fc\u015f\u00fcrerek Ama\u00e7lar\u0131na\u00a0ula\u015f\u0131yorlar. Birbirlerine\u00a0d\u00fc\u015fman\u00a0ettikleri\u00a0toplum, birbirini\u00a0imha\u00a0etmeye\u00a0ba\u015flay\u0131nca, \u00d6nce\u00a0ekonomik\u00a0i\u015fgali, ard\u0131ndan\u00a0fiili\u00a0i\u015fgali\u00a0ger\u00e7ekle\u015ftiriyorlar. Bu\u00a0topraklar\u00a0\u00fczerinde\u00a0ya\u015fayan\u00a0herkes, Bu\u00a0sinsi\u00a0\u015feytan\u00a0oyununu\u00a0g\u00f6rmelidir. Tarih, ge\u00e7mi\u015fin gelece\u011fe hayk\u0131r\u0131\u015f\u0131d\u0131r. E\u011fer\u00a0biz, o sesi\u00a0duymazsak\u00a0ayn\u0131\u00a0ac\u0131lar\u0131\u00a0bir\u00a0daha\u00a0ya\u015far\u0131z. Vatan, bu\u00a0topraklar\u00a0\u00fczerinde\u00a0ya\u015fayanlar\u0131n ORTAK EV\u0130\u2019dir! Bu\u00a0topraklar\u00a0\u00fczerinde\u00a0ya\u015fayan\u00a0her\u00a0insan, K\u00f6keni\u00a0ne\u00a0olursa\u00a0olsun\u00a0karde\u015f\u00e7e\u00a0ya\u015famay\u0131\u00a0bilmelidir. Bu\u00a0eser, \u00fclkemizin\u00a0birli\u011fi\u00a0ve\u00a0dirli\u011fini\u00a0korumak\u00a0\u00fczere, tarihten\u00a0ders\u00a0almam\u0131z,\u00a0Emperyalistlerin\u00a0oyununa\u00a0gelmememiz\u00a0i\u00e7in\u00a0haz\u0131rland\u0131. \u201cBiz\u00a0kimsenin\u00a0d\u00fc\u015fman\u0131\u00a0de\u011filiz, yaln\u0131z\u00a0insanl\u0131\u011f\u0131n\u00a0d\u00fc\u015fman\u0131\u00a0olanlar\u0131n\u00a0d\u00fc\u015fman\u0131y\u0131z.\u201d K.ATAT\u00dcRK &nbsp; \u00dcr\u00fcn Bilgileri : 160 Sayfa Renkli Ku\u015fe Ka\u011f\u0131t Kapak Ku\u015fe Selefonlu 0.515 gr 20.5 x 28.5","og_url":"https:\/\/yazaryolu.com\/?product=dogu-ve-guneydogunun-kurtulus-destani","og_site_name":"Yazar Yolu","og_image":[{"width":800,"height":800,"url":"https:\/\/yazaryolu.com\/wp-content\/uploads\/2026\/02\/guneydogu.jpg","type":"image\/jpeg"}],"twitter_card":"summary_large_image","twitter_misc":{"Tahmini okuma s\u00fcresi":"1 dakika"},"schema":{"@context":"https:\/\/schema.org","@graph":[{"@type":"WebPage","@id":"https:\/\/yazaryolu.com\/?product=dogu-ve-guneydogunun-kurtulus-destani","url":"https:\/\/yazaryolu.com\/?product=dogu-ve-guneydogunun-kurtulus-destani","name":"Do\u011fu ve G\u00fcneydo\u011fu\u2019nun Kurtulu\u015f Destan\u0131 - Yazar Yolu","isPartOf":{"@id":"https:\/\/yazaryolu.com\/#website"},"primaryImageOfPage":{"@id":"https:\/\/yazaryolu.com\/?product=dogu-ve-guneydogunun-kurtulus-destani#primaryimage"},"image":{"@id":"https:\/\/yazaryolu.com\/?product=dogu-ve-guneydogunun-kurtulus-destani#primaryimage"},"thumbnailUrl":"https:\/\/yazaryolu.com\/wp-content\/uploads\/2026\/02\/guneydogu.jpg","datePublished":"2026-02-01T16:22:13+00:00","breadcrumb":{"@id":"https:\/\/yazaryolu.com\/?product=dogu-ve-guneydogunun-kurtulus-destani#breadcrumb"},"inLanguage":"tr","potentialAction":[{"@type":"ReadAction","target":["https:\/\/yazaryolu.com\/?product=dogu-ve-guneydogunun-kurtulus-destani"]}]},{"@type":"ImageObject","inLanguage":"tr","@id":"https:\/\/yazaryolu.com\/?product=dogu-ve-guneydogunun-kurtulus-destani#primaryimage","url":"https:\/\/yazaryolu.com\/wp-content\/uploads\/2026\/02\/guneydogu.jpg","contentUrl":"https:\/\/yazaryolu.com\/wp-content\/uploads\/2026\/02\/guneydogu.jpg","width":800,"height":800},{"@type":"BreadcrumbList","@id":"https:\/\/yazaryolu.com\/?product=dogu-ve-guneydogunun-kurtulus-destani#breadcrumb","itemListElement":[{"@type":"ListItem","position":1,"name":"Anasayfa","item":"https:\/\/yazaryolu.com\/"},{"@type":"ListItem","position":2,"name":"Ma\u011faza","item":"https:\/\/yazaryolu.com\/?page_id=10"},{"@type":"ListItem","position":3,"name":"Do\u011fu ve G\u00fcneydo\u011fu\u2019nun Kurtulu\u015f Destan\u0131"}]},{"@type":"WebSite","@id":"https:\/\/yazaryolu.com\/#website","url":"https:\/\/yazaryolu.com\/","name":"Yazar Yolu","description":"Yazarl\u0131k Yolculu\u011funuzun Ba\u015flad\u0131\u011f\u0131 Yer","potentialAction":[{"@type":"SearchAction","target":{"@type":"EntryPoint","urlTemplate":"https:\/\/yazaryolu.com\/?s={search_term_string}"},"query-input":{"@type":"PropertyValueSpecification","valueRequired":true,"valueName":"search_term_string"}}],"inLanguage":"tr"}]}},"jetpack_sharing_enabled":true,"_links":{"self":[{"href":"https:\/\/yazaryolu.com\/index.php?rest_route=\/wp\/v2\/product\/4510","targetHints":{"allow":["GET"]}}],"collection":[{"href":"https:\/\/yazaryolu.com\/index.php?rest_route=\/wp\/v2\/product"}],"about":[{"href":"https:\/\/yazaryolu.com\/index.php?rest_route=\/wp\/v2\/types\/product"}],"replies":[{"embeddable":true,"href":"https:\/\/yazaryolu.com\/index.php?rest_route=%2Fwp%2Fv2%2Fcomments&post=4510"}],"wp:featuredmedia":[{"embeddable":true,"href":"https:\/\/yazaryolu.com\/index.php?rest_route=\/wp\/v2\/media\/4511"}],"wp:attachment":[{"href":"https:\/\/yazaryolu.com\/index.php?rest_route=%2Fwp%2Fv2%2Fmedia&parent=4510"}],"wp:term":[{"taxonomy":"product_brand","embeddable":true,"href":"https:\/\/yazaryolu.com\/index.php?rest_route=%2Fwp%2Fv2%2Fproduct_brand&post=4510"},{"taxonomy":"product_cat","embeddable":true,"href":"https:\/\/yazaryolu.com\/index.php?rest_route=%2Fwp%2Fv2%2Fproduct_cat&post=4510"},{"taxonomy":"product_tag","embeddable":true,"href":"https:\/\/yazaryolu.com\/index.php?rest_route=%2Fwp%2Fv2%2Fproduct_tag&post=4510"}],"curies":[{"name":"wp","href":"https:\/\/api.w.org\/{rel}","templated":true}]}}