{"id":4556,"date":"2026-02-01T20:57:24","date_gmt":"2026-02-01T17:57:24","guid":{"rendered":"https:\/\/yazaryolu.com\/?post_type=product&#038;p=4556"},"modified":"2026-02-02T09:45:55","modified_gmt":"2026-02-02T06:45:55","slug":"kral-aslan-ve-guclu-sultan-adalet","status":"publish","type":"product","link":"https:\/\/yazaryolu.com\/?product=kral-aslan-ve-guclu-sultan-adalet","title":{"rendered":"Kral Aslan ve G\u00fc\u00e7l\u00fc Sultan (Adalet)"},"content":{"rendered":"<h3><strong>ADALET \u2013 KRAL ASLAN VE G\u00dc\u00c7L\u00dc SULTAN<\/strong><\/h3>\n<p>Ve Padi\u015fah mahkemeye geldi:<\/p>\n<p>Padi\u015fah mahkeme huzurunda,<\/p>\n<p>haks\u0131zl\u0131\u011fa u\u011frayan mimarla ayn\u0131 \u015fekilde ayakta<br \/>\nbekledi.<\/p>\n<p>Yarg\u0131lama sonucunda padi\u015fah su\u00e7lu bulundu.<\/p>\n<p>Ceza olarak, padi\u015fah\u0131n can\u0131n\u0131n da ayn\u0131 \u015fekilde<\/p>\n<p>ac\u0131t\u0131lmas\u0131na karar verildi.<\/p>\n<p>Mimar, mahkemenin padi\u015faha b\u00f6yle bir ceza<\/p>\n<p>vermesine \u00e7ok \u015fa\u015f\u0131rd\u0131. Adaletin bu \u00fclkede,<\/p>\n<p>d\u00fcnyan\u0131n en g\u00fc\u00e7l\u00fc insan\u0131ndan<\/p>\n<p>daha g\u00fc\u00e7l\u00fc oldu\u011funu g\u00f6rd\u00fc\u2026<\/p>\n<p>\u2026\u2026\u2026\u2026\u2026\u2026\u2026.<\/p>\n<p>Bu masalda,<\/p>\n<p>Adaletin en b\u00fcy\u00fck g\u00fc\u00e7 oldu\u011fu anlat\u0131yor\u2026<\/p>\n<p>32 Sayfa 5-12 Ya\u015f<\/p>\n","protected":false},"excerpt":{"rendered":"<p>ADALET \u2013 KRAL ASLAN VE G\u00dc\u00c7L\u00dc SULTAN Ve Padi\u015fah mahkemeye geldi: Padi\u015fah mahkeme huzurunda, haks\u0131zl\u0131\u011fa u\u011frayan mimarla ayn\u0131 \u015fekilde ayakta bekledi. Yarg\u0131lama sonucunda padi\u015fah su\u00e7lu bulundu. Ceza olarak, padi\u015fah\u0131n can\u0131n\u0131n da ayn\u0131 \u015fekilde ac\u0131t\u0131lmas\u0131na karar verildi. Mimar, mahkemenin padi\u015faha b\u00f6yle bir ceza vermesine \u00e7ok \u015fa\u015f\u0131rd\u0131. Adaletin bu \u00fclkede, d\u00fcnyan\u0131n en g\u00fc\u00e7l\u00fc insan\u0131ndan daha g\u00fc\u00e7l\u00fc oldu\u011funu g\u00f6rd\u00fc\u2026 \u2026\u2026\u2026\u2026\u2026\u2026\u2026. Bu masalda, Adaletin en b\u00fcy\u00fck g\u00fc\u00e7 oldu\u011fu anlat\u0131yor\u2026 32 Sayfa 5-12 Ya\u015f<\/p>\n","protected":false},"featured_media":4557,"comment_status":"open","ping_status":"closed","template":"","meta":[],"product_brand":[281],"product_cat":[210,315],"product_tag":[306,308,309],"class_list":["post-4556","product","type-product","status-publish","has-post-thumbnail","product_brand-gunesyolu","product_cat-cocuk-kitabi","product_cat-iyilik-agaci-hikayeleri","product_tag-5-12-yas","product_tag-cocuk-kitaplari","product_tag-iyilik-agaci-masallari","first","instock","sale","shipping-taxable","purchasable","product-type-simple"],"yoast_head":"<!-- This site is optimized with the Yoast SEO plugin v28.4 - https:\/\/yoast.com\/product\/yoast-seo-wordpress\/ -->\n<title>Kral Aslan ve G\u00fc\u00e7l\u00fc Sultan (Adalet) - Yazar Yolu<\/title>\n<meta name=\"robots\" content=\"index, follow, max-snippet:-1, max-image-preview:large, max-video-preview:-1\" \/>\n<link rel=\"canonical\" href=\"https:\/\/yazaryolu.com\/?product=kral-aslan-ve-guclu-sultan-adalet\" \/>\n<meta property=\"og:locale\" content=\"tr_TR\" \/>\n<meta property=\"og:type\" content=\"article\" \/>\n<meta property=\"og:title\" content=\"Kral Aslan ve G\u00fc\u00e7l\u00fc Sultan (Adalet) - Yazar Yolu\" \/>\n<meta property=\"og:description\" content=\"ADALET \u2013 KRAL ASLAN VE G\u00dc\u00c7L\u00dc SULTAN Ve Padi\u015fah mahkemeye geldi: Padi\u015fah mahkeme huzurunda, haks\u0131zl\u0131\u011fa u\u011frayan mimarla ayn\u0131 \u015fekilde ayakta bekledi. Yarg\u0131lama sonucunda padi\u015fah su\u00e7lu bulundu. Ceza olarak, padi\u015fah\u0131n can\u0131n\u0131n da ayn\u0131 \u015fekilde ac\u0131t\u0131lmas\u0131na karar verildi. Mimar, mahkemenin padi\u015faha b\u00f6yle bir ceza vermesine \u00e7ok \u015fa\u015f\u0131rd\u0131. Adaletin bu \u00fclkede, d\u00fcnyan\u0131n en g\u00fc\u00e7l\u00fc insan\u0131ndan daha g\u00fc\u00e7l\u00fc oldu\u011funu g\u00f6rd\u00fc\u2026 \u2026\u2026\u2026\u2026\u2026\u2026\u2026. Bu masalda, Adaletin en b\u00fcy\u00fck g\u00fc\u00e7 oldu\u011fu anlat\u0131yor\u2026 32 Sayfa 5-12 Ya\u015f\" \/>\n<meta property=\"og:url\" content=\"https:\/\/yazaryolu.com\/?product=kral-aslan-ve-guclu-sultan-adalet\" \/>\n<meta property=\"og:site_name\" content=\"Yazar Yolu\" \/>\n<meta property=\"article:modified_time\" content=\"2026-02-02T06:45:55+00:00\" \/>\n<meta property=\"og:image\" content=\"https:\/\/yazaryolu.com\/wp-content\/uploads\/2026\/02\/kralaslan1.jpg\" \/>\n\t<meta property=\"og:image:width\" content=\"800\" \/>\n\t<meta property=\"og:image:height\" content=\"800\" \/>\n\t<meta property=\"og:image:type\" content=\"image\/jpeg\" \/>\n<meta name=\"twitter:card\" content=\"summary_large_image\" \/>\n<script type=\"application\/ld+json\" class=\"yoast-schema-graph\">{\"@context\":\"https:\\\/\\\/schema.org\",\"@graph\":[{\"@type\":\"WebPage\",\"@id\":\"https:\\\/\\\/yazaryolu.com\\\/?product=kral-aslan-ve-guclu-sultan-adalet\",\"url\":\"https:\\\/\\\/yazaryolu.com\\\/?product=kral-aslan-ve-guclu-sultan-adalet\",\"name\":\"Kral Aslan ve G\u00fc\u00e7l\u00fc Sultan (Adalet) - Yazar Yolu\",\"isPartOf\":{\"@id\":\"https:\\\/\\\/yazaryolu.com\\\/#website\"},\"primaryImageOfPage\":{\"@id\":\"https:\\\/\\\/yazaryolu.com\\\/?product=kral-aslan-ve-guclu-sultan-adalet#primaryimage\"},\"image\":{\"@id\":\"https:\\\/\\\/yazaryolu.com\\\/?product=kral-aslan-ve-guclu-sultan-adalet#primaryimage\"},\"thumbnailUrl\":\"https:\\\/\\\/yazaryolu.com\\\/wp-content\\\/uploads\\\/2026\\\/02\\\/kralaslan1.jpg\",\"datePublished\":\"2026-02-01T17:57:24+00:00\",\"dateModified\":\"2026-02-02T06:45:55+00:00\",\"breadcrumb\":{\"@id\":\"https:\\\/\\\/yazaryolu.com\\\/?product=kral-aslan-ve-guclu-sultan-adalet#breadcrumb\"},\"inLanguage\":\"tr\",\"potentialAction\":[{\"@type\":\"ReadAction\",\"target\":[\"https:\\\/\\\/yazaryolu.com\\\/?product=kral-aslan-ve-guclu-sultan-adalet\"]}]},{\"@type\":\"ImageObject\",\"inLanguage\":\"tr\",\"@id\":\"https:\\\/\\\/yazaryolu.com\\\/?product=kral-aslan-ve-guclu-sultan-adalet#primaryimage\",\"url\":\"https:\\\/\\\/yazaryolu.com\\\/wp-content\\\/uploads\\\/2026\\\/02\\\/kralaslan1.jpg\",\"contentUrl\":\"https:\\\/\\\/yazaryolu.com\\\/wp-content\\\/uploads\\\/2026\\\/02\\\/kralaslan1.jpg\",\"width\":800,\"height\":800},{\"@type\":\"BreadcrumbList\",\"@id\":\"https:\\\/\\\/yazaryolu.com\\\/?product=kral-aslan-ve-guclu-sultan-adalet#breadcrumb\",\"itemListElement\":[{\"@type\":\"ListItem\",\"position\":1,\"name\":\"Anasayfa\",\"item\":\"https:\\\/\\\/yazaryolu.com\\\/\"},{\"@type\":\"ListItem\",\"position\":2,\"name\":\"Ma\u011faza\",\"item\":\"https:\\\/\\\/yazaryolu.com\\\/?page_id=10\"},{\"@type\":\"ListItem\",\"position\":3,\"name\":\"Kral Aslan ve G\u00fc\u00e7l\u00fc Sultan (Adalet)\"}]},{\"@type\":\"WebSite\",\"@id\":\"https:\\\/\\\/yazaryolu.com\\\/#website\",\"url\":\"https:\\\/\\\/yazaryolu.com\\\/\",\"name\":\"Yazar Yolu\",\"description\":\"Yazarl\u0131k Yolculu\u011funuzun Ba\u015flad\u0131\u011f\u0131 Yer\",\"potentialAction\":[{\"@type\":\"SearchAction\",\"target\":{\"@type\":\"EntryPoint\",\"urlTemplate\":\"https:\\\/\\\/yazaryolu.com\\\/?s={search_term_string}\"},\"query-input\":{\"@type\":\"PropertyValueSpecification\",\"valueRequired\":true,\"valueName\":\"search_term_string\"}}],\"inLanguage\":\"tr\"}]}<\/script>\n<!-- \/ Yoast SEO plugin. -->","yoast_head_json":{"title":"Kral Aslan ve G\u00fc\u00e7l\u00fc Sultan (Adalet) - Yazar Yolu","robots":{"index":"index","follow":"follow","max-snippet":"max-snippet:-1","max-image-preview":"max-image-preview:large","max-video-preview":"max-video-preview:-1"},"canonical":"https:\/\/yazaryolu.com\/?product=kral-aslan-ve-guclu-sultan-adalet","og_locale":"tr_TR","og_type":"article","og_title":"Kral Aslan ve G\u00fc\u00e7l\u00fc Sultan (Adalet) - Yazar Yolu","og_description":"ADALET \u2013 KRAL ASLAN VE G\u00dc\u00c7L\u00dc SULTAN Ve Padi\u015fah mahkemeye geldi: Padi\u015fah mahkeme huzurunda, haks\u0131zl\u0131\u011fa u\u011frayan mimarla ayn\u0131 \u015fekilde ayakta bekledi. Yarg\u0131lama sonucunda padi\u015fah su\u00e7lu bulundu. Ceza olarak, padi\u015fah\u0131n can\u0131n\u0131n da ayn\u0131 \u015fekilde ac\u0131t\u0131lmas\u0131na karar verildi. Mimar, mahkemenin padi\u015faha b\u00f6yle bir ceza vermesine \u00e7ok \u015fa\u015f\u0131rd\u0131. Adaletin bu \u00fclkede, d\u00fcnyan\u0131n en g\u00fc\u00e7l\u00fc insan\u0131ndan daha g\u00fc\u00e7l\u00fc oldu\u011funu g\u00f6rd\u00fc\u2026 \u2026\u2026\u2026\u2026\u2026\u2026\u2026. Bu masalda, Adaletin en b\u00fcy\u00fck g\u00fc\u00e7 oldu\u011fu anlat\u0131yor\u2026 32 Sayfa 5-12 Ya\u015f","og_url":"https:\/\/yazaryolu.com\/?product=kral-aslan-ve-guclu-sultan-adalet","og_site_name":"Yazar Yolu","article_modified_time":"2026-02-02T06:45:55+00:00","og_image":[{"width":800,"height":800,"url":"https:\/\/yazaryolu.com\/wp-content\/uploads\/2026\/02\/kralaslan1.jpg","type":"image\/jpeg"}],"twitter_card":"summary_large_image","schema":{"@context":"https:\/\/schema.org","@graph":[{"@type":"WebPage","@id":"https:\/\/yazaryolu.com\/?product=kral-aslan-ve-guclu-sultan-adalet","url":"https:\/\/yazaryolu.com\/?product=kral-aslan-ve-guclu-sultan-adalet","name":"Kral Aslan ve G\u00fc\u00e7l\u00fc Sultan (Adalet) - Yazar Yolu","isPartOf":{"@id":"https:\/\/yazaryolu.com\/#website"},"primaryImageOfPage":{"@id":"https:\/\/yazaryolu.com\/?product=kral-aslan-ve-guclu-sultan-adalet#primaryimage"},"image":{"@id":"https:\/\/yazaryolu.com\/?product=kral-aslan-ve-guclu-sultan-adalet#primaryimage"},"thumbnailUrl":"https:\/\/yazaryolu.com\/wp-content\/uploads\/2026\/02\/kralaslan1.jpg","datePublished":"2026-02-01T17:57:24+00:00","dateModified":"2026-02-02T06:45:55+00:00","breadcrumb":{"@id":"https:\/\/yazaryolu.com\/?product=kral-aslan-ve-guclu-sultan-adalet#breadcrumb"},"inLanguage":"tr","potentialAction":[{"@type":"ReadAction","target":["https:\/\/yazaryolu.com\/?product=kral-aslan-ve-guclu-sultan-adalet"]}]},{"@type":"ImageObject","inLanguage":"tr","@id":"https:\/\/yazaryolu.com\/?product=kral-aslan-ve-guclu-sultan-adalet#primaryimage","url":"https:\/\/yazaryolu.com\/wp-content\/uploads\/2026\/02\/kralaslan1.jpg","contentUrl":"https:\/\/yazaryolu.com\/wp-content\/uploads\/2026\/02\/kralaslan1.jpg","width":800,"height":800},{"@type":"BreadcrumbList","@id":"https:\/\/yazaryolu.com\/?product=kral-aslan-ve-guclu-sultan-adalet#breadcrumb","itemListElement":[{"@type":"ListItem","position":1,"name":"Anasayfa","item":"https:\/\/yazaryolu.com\/"},{"@type":"ListItem","position":2,"name":"Ma\u011faza","item":"https:\/\/yazaryolu.com\/?page_id=10"},{"@type":"ListItem","position":3,"name":"Kral Aslan ve G\u00fc\u00e7l\u00fc Sultan (Adalet)"}]},{"@type":"WebSite","@id":"https:\/\/yazaryolu.com\/#website","url":"https:\/\/yazaryolu.com\/","name":"Yazar Yolu","description":"Yazarl\u0131k Yolculu\u011funuzun Ba\u015flad\u0131\u011f\u0131 Yer","potentialAction":[{"@type":"SearchAction","target":{"@type":"EntryPoint","urlTemplate":"https:\/\/yazaryolu.com\/?s={search_term_string}"},"query-input":{"@type":"PropertyValueSpecification","valueRequired":true,"valueName":"search_term_string"}}],"inLanguage":"tr"}]}},"jetpack_sharing_enabled":true,"_links":{"self":[{"href":"https:\/\/yazaryolu.com\/index.php?rest_route=\/wp\/v2\/product\/4556","targetHints":{"allow":["GET"]}}],"collection":[{"href":"https:\/\/yazaryolu.com\/index.php?rest_route=\/wp\/v2\/product"}],"about":[{"href":"https:\/\/yazaryolu.com\/index.php?rest_route=\/wp\/v2\/types\/product"}],"replies":[{"embeddable":true,"href":"https:\/\/yazaryolu.com\/index.php?rest_route=%2Fwp%2Fv2%2Fcomments&post=4556"}],"wp:featuredmedia":[{"embeddable":true,"href":"https:\/\/yazaryolu.com\/index.php?rest_route=\/wp\/v2\/media\/4557"}],"wp:attachment":[{"href":"https:\/\/yazaryolu.com\/index.php?rest_route=%2Fwp%2Fv2%2Fmedia&parent=4556"}],"wp:term":[{"taxonomy":"product_brand","embeddable":true,"href":"https:\/\/yazaryolu.com\/index.php?rest_route=%2Fwp%2Fv2%2Fproduct_brand&post=4556"},{"taxonomy":"product_cat","embeddable":true,"href":"https:\/\/yazaryolu.com\/index.php?rest_route=%2Fwp%2Fv2%2Fproduct_cat&post=4556"},{"taxonomy":"product_tag","embeddable":true,"href":"https:\/\/yazaryolu.com\/index.php?rest_route=%2Fwp%2Fv2%2Fproduct_tag&post=4556"}],"curies":[{"name":"wp","href":"https:\/\/api.w.org\/{rel}","templated":true}]}}