{"id":5130,"date":"2026-04-15T13:08:02","date_gmt":"2026-04-15T10:08:02","guid":{"rendered":"https:\/\/yazaryolu.com\/?post_type=product&#038;p=5130"},"modified":"2026-04-15T13:08:02","modified_gmt":"2026-04-15T10:08:02","slug":"segaf-yusuf-biltekin","status":"publish","type":"product","link":"https:\/\/yazaryolu.com\/?product=segaf-yusuf-biltekin","title":{"rendered":"\u015eegaf &#8211; Yusuf Biltekin"},"content":{"rendered":"<p>&#8220;iki y\u00fcz elli yedi senin al\u0131n yaz\u0131n, altm\u0131\u015f d\u00f6rtde sensin, sana laz\u0131m olan y\u00fcz otuz ikidir, senin altm\u0131\u015f alt\u0131ya ba\u011flanman\u0131 sa\u011flayacak.*<br \/>\nKarma\u015f\u0131k d\u00fc\u015f\u00fcnceler i\u00e7inde ferahl\u0131k arayan gen\u00e7<br \/>\nbir \u00f6\u011fretmen&#8230;\u00c7\u0131kt\u0131\u011f\u0131 me\u015fakkatli yolda onu hi\u00e7 b\u0131rakmayacak birka\u00e7 temiz y\u00fcrek&#8230; Nuh&#8217;un verdi\u011fi m\u00fccadelede kimi zaman onunla \u00fcrperip kimi zaman onunla derin bir nefes verece\u011fiz. Ulu kocalar\u0131n himmetleri ve kadim bilgilerin \u0131\u015f\u0131\u011f\u0131yla karanl\u0131k bir yolda y\u00fcr\u00fcrken bu gen\u00e7 \u00f6\u011fretmenin ya\u015fad\u0131klar\u0131 ak\u0131l ve mant\u0131\u011f\u0131n \u00f6tesinde imanla teslim olurken azimle sava\u015fman\u0131n ne demek oldu\u011funu bize g\u00f6sterecek<\/p>\n","protected":false},"excerpt":{"rendered":"<p>&#8220;iki y\u00fcz elli yedi senin al\u0131n yaz\u0131n, altm\u0131\u015f d\u00f6rtde sensin, sana laz\u0131m olan y\u00fcz otuz ikidir, senin altm\u0131\u015f alt\u0131ya ba\u011flanman\u0131 sa\u011flayacak.* Karma\u015f\u0131k d\u00fc\u015f\u00fcnceler i\u00e7inde ferahl\u0131k arayan gen\u00e7 bir \u00f6\u011fretmen&#8230;\u00c7\u0131kt\u0131\u011f\u0131 me\u015fakkatli yolda onu hi\u00e7 b\u0131rakmayacak birka\u00e7 temiz y\u00fcrek&#8230; Nuh&#8217;un verdi\u011fi m\u00fccadelede kimi zaman onunla \u00fcrperip kimi zaman onunla derin bir nefes verece\u011fiz. Ulu kocalar\u0131n himmetleri ve kadim bilgilerin \u0131\u015f\u0131\u011f\u0131yla karanl\u0131k bir yolda y\u00fcr\u00fcrken bu gen\u00e7 \u00f6\u011fretmenin ya\u015fad\u0131klar\u0131 ak\u0131l ve mant\u0131\u011f\u0131n \u00f6tesinde imanla teslim olurken azimle sava\u015fman\u0131n ne demek oldu\u011funu bize g\u00f6sterecek<\/p>\n","protected":false},"featured_media":5131,"comment_status":"open","ping_status":"closed","template":"","meta":[],"product_brand":[287],"product_cat":[233],"product_tag":[],"class_list":["post-5130","product","type-product","status-publish","has-post-thumbnail","product_brand-divit","product_cat-roman","first","instock","sale","shipping-taxable","purchasable","product-type-simple"],"yoast_head":"<!-- This site is optimized with the Yoast SEO plugin v28.4 - https:\/\/yoast.com\/product\/yoast-seo-wordpress\/ -->\n<title>\u015eegaf - Yusuf Biltekin - Yazar Yolu<\/title>\n<meta name=\"robots\" content=\"index, follow, max-snippet:-1, max-image-preview:large, max-video-preview:-1\" \/>\n<link rel=\"canonical\" href=\"https:\/\/yazaryolu.com\/?product=segaf-yusuf-biltekin\" \/>\n<meta property=\"og:locale\" content=\"tr_TR\" \/>\n<meta property=\"og:type\" content=\"article\" \/>\n<meta property=\"og:title\" content=\"\u015eegaf - Yusuf Biltekin - Yazar Yolu\" \/>\n<meta property=\"og:description\" content=\"&#8220;iki y\u00fcz elli yedi senin al\u0131n yaz\u0131n, altm\u0131\u015f d\u00f6rtde sensin, sana laz\u0131m olan y\u00fcz otuz ikidir, senin altm\u0131\u015f alt\u0131ya ba\u011flanman\u0131 sa\u011flayacak.* Karma\u015f\u0131k d\u00fc\u015f\u00fcnceler i\u00e7inde ferahl\u0131k arayan gen\u00e7 bir \u00f6\u011fretmen&#8230;\u00c7\u0131kt\u0131\u011f\u0131 me\u015fakkatli yolda onu hi\u00e7 b\u0131rakmayacak birka\u00e7 temiz y\u00fcrek&#8230; Nuh&#8217;un verdi\u011fi m\u00fccadelede kimi zaman onunla \u00fcrperip kimi zaman onunla derin bir nefes verece\u011fiz. Ulu kocalar\u0131n himmetleri ve kadim bilgilerin \u0131\u015f\u0131\u011f\u0131yla karanl\u0131k bir yolda y\u00fcr\u00fcrken bu gen\u00e7 \u00f6\u011fretmenin ya\u015fad\u0131klar\u0131 ak\u0131l ve mant\u0131\u011f\u0131n \u00f6tesinde imanla teslim olurken azimle sava\u015fman\u0131n ne demek oldu\u011funu bize g\u00f6sterecek\" \/>\n<meta property=\"og:url\" content=\"https:\/\/yazaryolu.com\/?product=segaf-yusuf-biltekin\" \/>\n<meta property=\"og:site_name\" content=\"Yazar Yolu\" \/>\n<meta property=\"og:image\" content=\"https:\/\/yazaryolu.com\/wp-content\/uploads\/2026\/04\/WhatsApp-Image-2026-04-03-at-11.01.04.jpeg\" \/>\n\t<meta property=\"og:image:width\" content=\"752\" \/>\n\t<meta property=\"og:image:height\" content=\"1173\" \/>\n\t<meta property=\"og:image:type\" content=\"image\/jpeg\" \/>\n<meta name=\"twitter:card\" content=\"summary_large_image\" \/>\n<meta name=\"twitter:label1\" content=\"Tahmini okuma s\u00fcresi\" \/>\n\t<meta name=\"twitter:data1\" content=\"1 dakika\" \/>\n<script type=\"application\/ld+json\" class=\"yoast-schema-graph\">{\"@context\":\"https:\\\/\\\/schema.org\",\"@graph\":[{\"@type\":\"WebPage\",\"@id\":\"https:\\\/\\\/yazaryolu.com\\\/?product=segaf-yusuf-biltekin\",\"url\":\"https:\\\/\\\/yazaryolu.com\\\/?product=segaf-yusuf-biltekin\",\"name\":\"\u015eegaf - Yusuf Biltekin - Yazar Yolu\",\"isPartOf\":{\"@id\":\"https:\\\/\\\/yazaryolu.com\\\/#website\"},\"primaryImageOfPage\":{\"@id\":\"https:\\\/\\\/yazaryolu.com\\\/?product=segaf-yusuf-biltekin#primaryimage\"},\"image\":{\"@id\":\"https:\\\/\\\/yazaryolu.com\\\/?product=segaf-yusuf-biltekin#primaryimage\"},\"thumbnailUrl\":\"https:\\\/\\\/yazaryolu.com\\\/wp-content\\\/uploads\\\/2026\\\/04\\\/WhatsApp-Image-2026-04-03-at-11.01.04.jpeg\",\"datePublished\":\"2026-04-15T10:08:02+00:00\",\"breadcrumb\":{\"@id\":\"https:\\\/\\\/yazaryolu.com\\\/?product=segaf-yusuf-biltekin#breadcrumb\"},\"inLanguage\":\"tr\",\"potentialAction\":[{\"@type\":\"ReadAction\",\"target\":[\"https:\\\/\\\/yazaryolu.com\\\/?product=segaf-yusuf-biltekin\"]}]},{\"@type\":\"ImageObject\",\"inLanguage\":\"tr\",\"@id\":\"https:\\\/\\\/yazaryolu.com\\\/?product=segaf-yusuf-biltekin#primaryimage\",\"url\":\"https:\\\/\\\/yazaryolu.com\\\/wp-content\\\/uploads\\\/2026\\\/04\\\/WhatsApp-Image-2026-04-03-at-11.01.04.jpeg\",\"contentUrl\":\"https:\\\/\\\/yazaryolu.com\\\/wp-content\\\/uploads\\\/2026\\\/04\\\/WhatsApp-Image-2026-04-03-at-11.01.04.jpeg\",\"width\":752,\"height\":1173},{\"@type\":\"BreadcrumbList\",\"@id\":\"https:\\\/\\\/yazaryolu.com\\\/?product=segaf-yusuf-biltekin#breadcrumb\",\"itemListElement\":[{\"@type\":\"ListItem\",\"position\":1,\"name\":\"Anasayfa\",\"item\":\"https:\\\/\\\/yazaryolu.com\\\/\"},{\"@type\":\"ListItem\",\"position\":2,\"name\":\"Ma\u011faza\",\"item\":\"https:\\\/\\\/yazaryolu.com\\\/?page_id=10\"},{\"@type\":\"ListItem\",\"position\":3,\"name\":\"\u015eegaf &#8211; Yusuf Biltekin\"}]},{\"@type\":\"WebSite\",\"@id\":\"https:\\\/\\\/yazaryolu.com\\\/#website\",\"url\":\"https:\\\/\\\/yazaryolu.com\\\/\",\"name\":\"Yazar Yolu\",\"description\":\"Yazarl\u0131k Yolculu\u011funuzun Ba\u015flad\u0131\u011f\u0131 Yer\",\"potentialAction\":[{\"@type\":\"SearchAction\",\"target\":{\"@type\":\"EntryPoint\",\"urlTemplate\":\"https:\\\/\\\/yazaryolu.com\\\/?s={search_term_string}\"},\"query-input\":{\"@type\":\"PropertyValueSpecification\",\"valueRequired\":true,\"valueName\":\"search_term_string\"}}],\"inLanguage\":\"tr\"}]}<\/script>\n<!-- \/ Yoast SEO plugin. -->","yoast_head_json":{"title":"\u015eegaf - Yusuf Biltekin - Yazar Yolu","robots":{"index":"index","follow":"follow","max-snippet":"max-snippet:-1","max-image-preview":"max-image-preview:large","max-video-preview":"max-video-preview:-1"},"canonical":"https:\/\/yazaryolu.com\/?product=segaf-yusuf-biltekin","og_locale":"tr_TR","og_type":"article","og_title":"\u015eegaf - Yusuf Biltekin - Yazar Yolu","og_description":"&#8220;iki y\u00fcz elli yedi senin al\u0131n yaz\u0131n, altm\u0131\u015f d\u00f6rtde sensin, sana laz\u0131m olan y\u00fcz otuz ikidir, senin altm\u0131\u015f alt\u0131ya ba\u011flanman\u0131 sa\u011flayacak.* Karma\u015f\u0131k d\u00fc\u015f\u00fcnceler i\u00e7inde ferahl\u0131k arayan gen\u00e7 bir \u00f6\u011fretmen&#8230;\u00c7\u0131kt\u0131\u011f\u0131 me\u015fakkatli yolda onu hi\u00e7 b\u0131rakmayacak birka\u00e7 temiz y\u00fcrek&#8230; Nuh&#8217;un verdi\u011fi m\u00fccadelede kimi zaman onunla \u00fcrperip kimi zaman onunla derin bir nefes verece\u011fiz. Ulu kocalar\u0131n himmetleri ve kadim bilgilerin \u0131\u015f\u0131\u011f\u0131yla karanl\u0131k bir yolda y\u00fcr\u00fcrken bu gen\u00e7 \u00f6\u011fretmenin ya\u015fad\u0131klar\u0131 ak\u0131l ve mant\u0131\u011f\u0131n \u00f6tesinde imanla teslim olurken azimle sava\u015fman\u0131n ne demek oldu\u011funu bize g\u00f6sterecek","og_url":"https:\/\/yazaryolu.com\/?product=segaf-yusuf-biltekin","og_site_name":"Yazar Yolu","og_image":[{"width":752,"height":1173,"url":"https:\/\/yazaryolu.com\/wp-content\/uploads\/2026\/04\/WhatsApp-Image-2026-04-03-at-11.01.04.jpeg","type":"image\/jpeg"}],"twitter_card":"summary_large_image","twitter_misc":{"Tahmini okuma s\u00fcresi":"1 dakika"},"schema":{"@context":"https:\/\/schema.org","@graph":[{"@type":"WebPage","@id":"https:\/\/yazaryolu.com\/?product=segaf-yusuf-biltekin","url":"https:\/\/yazaryolu.com\/?product=segaf-yusuf-biltekin","name":"\u015eegaf - Yusuf Biltekin - Yazar Yolu","isPartOf":{"@id":"https:\/\/yazaryolu.com\/#website"},"primaryImageOfPage":{"@id":"https:\/\/yazaryolu.com\/?product=segaf-yusuf-biltekin#primaryimage"},"image":{"@id":"https:\/\/yazaryolu.com\/?product=segaf-yusuf-biltekin#primaryimage"},"thumbnailUrl":"https:\/\/yazaryolu.com\/wp-content\/uploads\/2026\/04\/WhatsApp-Image-2026-04-03-at-11.01.04.jpeg","datePublished":"2026-04-15T10:08:02+00:00","breadcrumb":{"@id":"https:\/\/yazaryolu.com\/?product=segaf-yusuf-biltekin#breadcrumb"},"inLanguage":"tr","potentialAction":[{"@type":"ReadAction","target":["https:\/\/yazaryolu.com\/?product=segaf-yusuf-biltekin"]}]},{"@type":"ImageObject","inLanguage":"tr","@id":"https:\/\/yazaryolu.com\/?product=segaf-yusuf-biltekin#primaryimage","url":"https:\/\/yazaryolu.com\/wp-content\/uploads\/2026\/04\/WhatsApp-Image-2026-04-03-at-11.01.04.jpeg","contentUrl":"https:\/\/yazaryolu.com\/wp-content\/uploads\/2026\/04\/WhatsApp-Image-2026-04-03-at-11.01.04.jpeg","width":752,"height":1173},{"@type":"BreadcrumbList","@id":"https:\/\/yazaryolu.com\/?product=segaf-yusuf-biltekin#breadcrumb","itemListElement":[{"@type":"ListItem","position":1,"name":"Anasayfa","item":"https:\/\/yazaryolu.com\/"},{"@type":"ListItem","position":2,"name":"Ma\u011faza","item":"https:\/\/yazaryolu.com\/?page_id=10"},{"@type":"ListItem","position":3,"name":"\u015eegaf &#8211; Yusuf Biltekin"}]},{"@type":"WebSite","@id":"https:\/\/yazaryolu.com\/#website","url":"https:\/\/yazaryolu.com\/","name":"Yazar Yolu","description":"Yazarl\u0131k Yolculu\u011funuzun Ba\u015flad\u0131\u011f\u0131 Yer","potentialAction":[{"@type":"SearchAction","target":{"@type":"EntryPoint","urlTemplate":"https:\/\/yazaryolu.com\/?s={search_term_string}"},"query-input":{"@type":"PropertyValueSpecification","valueRequired":true,"valueName":"search_term_string"}}],"inLanguage":"tr"}]}},"jetpack_sharing_enabled":true,"_links":{"self":[{"href":"https:\/\/yazaryolu.com\/index.php?rest_route=\/wp\/v2\/product\/5130","targetHints":{"allow":["GET"]}}],"collection":[{"href":"https:\/\/yazaryolu.com\/index.php?rest_route=\/wp\/v2\/product"}],"about":[{"href":"https:\/\/yazaryolu.com\/index.php?rest_route=\/wp\/v2\/types\/product"}],"replies":[{"embeddable":true,"href":"https:\/\/yazaryolu.com\/index.php?rest_route=%2Fwp%2Fv2%2Fcomments&post=5130"}],"wp:featuredmedia":[{"embeddable":true,"href":"https:\/\/yazaryolu.com\/index.php?rest_route=\/wp\/v2\/media\/5131"}],"wp:attachment":[{"href":"https:\/\/yazaryolu.com\/index.php?rest_route=%2Fwp%2Fv2%2Fmedia&parent=5130"}],"wp:term":[{"taxonomy":"product_brand","embeddable":true,"href":"https:\/\/yazaryolu.com\/index.php?rest_route=%2Fwp%2Fv2%2Fproduct_brand&post=5130"},{"taxonomy":"product_cat","embeddable":true,"href":"https:\/\/yazaryolu.com\/index.php?rest_route=%2Fwp%2Fv2%2Fproduct_cat&post=5130"},{"taxonomy":"product_tag","embeddable":true,"href":"https:\/\/yazaryolu.com\/index.php?rest_route=%2Fwp%2Fv2%2Fproduct_tag&post=5130"}],"curies":[{"name":"wp","href":"https:\/\/api.w.org\/{rel}","templated":true}]}}