{"id":5247,"date":"2026-05-14T16:10:47","date_gmt":"2026-05-14T13:10:47","guid":{"rendered":"https:\/\/yazaryolu.com\/?post_type=product&#038;p=5247"},"modified":"2026-05-14T16:11:02","modified_gmt":"2026-05-14T13:11:02","slug":"tarihimizden-hikayeler","status":"publish","type":"product","link":"https:\/\/yazaryolu.com\/?product=tarihimizden-hikayeler","title":{"rendered":"Tarihimizden Hikayeler"},"content":{"rendered":"<div class=\"top-block\">\n<div class=\"pr_description\">\n<div id=\"description_text\" class=\"readmore-js-section readmore-js-expanded\">\n<p><span class=\"info__text\">T\u00fcrkler tarih boyunca Asya\u2019n\u0131n hemen hemen tamam\u0131nda,\u00a0Avrupa\u2019n\u0131n bat\u0131 kesimleri hari\u00e7 en b\u00fcy\u00fck k\u0131sm\u0131nda, Afrika\u2019n\u0131n\u00a0kuzey yar\u0131s\u0131 ile do\u011fu k\u0131y\u0131lar\u0131nda, Basra K\u00f6rfezi\u2019nden\u00a0Arabistan \u00e7\u00f6llerine kadar uzanan b\u00fcy\u00fck bir alanda\u00a0de\u011fi\u015fik devirlerde hakimiyet kurmu\u015flard\u0131r.<\/span><\/p>\n<p>Tarihi Romanlar\u0131 ile tan\u0131nan Hasan Erdem, bu kitapta\u00a0d\u00fcnya tarihinde derin izler b\u0131rakan, Asya, Avrupa ve Afrika\u00a0medeniyetlerine katk\u0131 sunan T\u00fcrklerin tarihinden esinlenerek\u00a0gen\u00e7 okuyucular\u0131 i\u00e7in alt\u0131 tarih\u00ee hik\u00e2yeyi kaleme ald\u0131.<\/p>\n<p>Bu hikayelerden \u201cAVCI\u201dda Sofya\u2019n\u0131n fethi, \u201cSUSUZ KALAN \u015eEHZADE\u201dde Padi\u015fah babas\u0131n\u0131n \u00f6l\u00fcm haberini alan\u00a0veliaht \u015fehzadenin birka\u00e7 yol arka\u015f\u0131yla yapt\u0131\u011f\u0131 yolculuk,\u00a0\u201cES\u0130R \u015eEHZADE\u201dde Y\u0131ld\u0131r\u0131m Bayezid\u2019in talihsiz o\u011flu\u00a0\u015eehzade Mustafa\u2019n\u0131n ba\u015f\u0131na gelenler, \u201c\u0130K\u0130 AKINCI\u201dda\u00a0\u00c7ald\u0131ran Sava\u015f\u0131\u2019nda \u015fehit d\u00fc\u015fen Malko\u00e7o\u011flu Ali Bey ile\u00a0karde\u015fi Malko\u00e7o\u011flu Tur Ali Bey, \u201cSAKA H\u00dcSEY\u0130N\u201dde\u00a0\u00c7anakkale Sava\u015f\u0131\u2019nda saka erlerinin ba\u015f\u0131na gelenler ve\u00a0\u201cH\u0130LAL VE HA\u00c7\u2019IN SAVA\u015eI\u201dnda ise 1. Ha\u00e7l\u0131 seferi i\u015flendi.<\/p>\n<\/div>\n<\/div>\n<\/div>\n<div class=\"bottom-block\">\n<div class=\"pr_attributes\"><\/div>\n<\/div>\n","protected":false},"excerpt":{"rendered":"<p>T\u00fcrkler tarih boyunca Asya\u2019n\u0131n hemen hemen tamam\u0131nda,\u00a0Avrupa\u2019n\u0131n bat\u0131 kesimleri hari\u00e7 en b\u00fcy\u00fck k\u0131sm\u0131nda, Afrika\u2019n\u0131n\u00a0kuzey yar\u0131s\u0131 ile do\u011fu k\u0131y\u0131lar\u0131nda, Basra K\u00f6rfezi\u2019nden\u00a0Arabistan \u00e7\u00f6llerine kadar uzanan b\u00fcy\u00fck bir alanda\u00a0de\u011fi\u015fik devirlerde hakimiyet kurmu\u015flard\u0131r. Tarihi Romanlar\u0131 ile tan\u0131nan Hasan Erdem, bu kitapta\u00a0d\u00fcnya tarihinde derin izler b\u0131rakan, Asya, Avrupa ve Afrika\u00a0medeniyetlerine katk\u0131 sunan T\u00fcrklerin tarihinden esinlenerek\u00a0gen\u00e7 okuyucular\u0131 i\u00e7in alt\u0131 tarih\u00ee hik\u00e2yeyi kaleme ald\u0131. Bu hikayelerden \u201cAVCI\u201dda Sofya\u2019n\u0131n fethi, \u201cSUSUZ KALAN \u015eEHZADE\u201dde Padi\u015fah babas\u0131n\u0131n \u00f6l\u00fcm haberini alan\u00a0veliaht \u015fehzadenin birka\u00e7 yol arka\u015f\u0131yla yapt\u0131\u011f\u0131 yolculuk,\u00a0\u201cES\u0130R \u015eEHZADE\u201dde Y\u0131ld\u0131r\u0131m Bayezid\u2019in talihsiz o\u011flu\u00a0\u015eehzade Mustafa\u2019n\u0131n ba\u015f\u0131na gelenler, \u201c\u0130K\u0130 AKINCI\u201dda\u00a0\u00c7ald\u0131ran Sava\u015f\u0131\u2019nda \u015fehit d\u00fc\u015fen Malko\u00e7o\u011flu Ali Bey ile\u00a0karde\u015fi Malko\u00e7o\u011flu Tur Ali Bey, \u201cSAKA H\u00dcSEY\u0130N\u201dde\u00a0\u00c7anakkale Sava\u015f\u0131\u2019nda saka erlerinin ba\u015f\u0131na gelenler ve\u00a0\u201cH\u0130LAL VE HA\u00c7\u2019IN SAVA\u015eI\u201dnda ise 1. Ha\u00e7l\u0131 seferi i\u015flendi.<\/p>\n","protected":false},"featured_media":5248,"comment_status":"open","ping_status":"closed","template":"","meta":[],"product_brand":[],"product_cat":[193,400],"product_tag":[],"class_list":["post-5247","product","type-product","status-publish","has-post-thumbnail","product_cat-cocuk-edebiyati","product_cat-hikaye-oyku","first","instock","sale","shipping-taxable","purchasable","product-type-simple"],"yoast_head":"<!-- This site is optimized with the Yoast SEO plugin v28.4 - https:\/\/yoast.com\/product\/yoast-seo-wordpress\/ -->\n<title>Tarihimizden Hikayeler - Yazar Yolu<\/title>\n<meta name=\"robots\" content=\"index, follow, max-snippet:-1, max-image-preview:large, max-video-preview:-1\" \/>\n<link rel=\"canonical\" href=\"https:\/\/yazaryolu.com\/?product=tarihimizden-hikayeler\" \/>\n<meta property=\"og:locale\" content=\"tr_TR\" \/>\n<meta property=\"og:type\" content=\"article\" \/>\n<meta property=\"og:title\" content=\"Tarihimizden Hikayeler - Yazar Yolu\" \/>\n<meta property=\"og:description\" content=\"T\u00fcrkler tarih boyunca Asya\u2019n\u0131n hemen hemen tamam\u0131nda,\u00a0Avrupa\u2019n\u0131n bat\u0131 kesimleri hari\u00e7 en b\u00fcy\u00fck k\u0131sm\u0131nda, Afrika\u2019n\u0131n\u00a0kuzey yar\u0131s\u0131 ile do\u011fu k\u0131y\u0131lar\u0131nda, Basra K\u00f6rfezi\u2019nden\u00a0Arabistan \u00e7\u00f6llerine kadar uzanan b\u00fcy\u00fck bir alanda\u00a0de\u011fi\u015fik devirlerde hakimiyet kurmu\u015flard\u0131r. Tarihi Romanlar\u0131 ile tan\u0131nan Hasan Erdem, bu kitapta\u00a0d\u00fcnya tarihinde derin izler b\u0131rakan, Asya, Avrupa ve Afrika\u00a0medeniyetlerine katk\u0131 sunan T\u00fcrklerin tarihinden esinlenerek\u00a0gen\u00e7 okuyucular\u0131 i\u00e7in alt\u0131 tarih\u00ee hik\u00e2yeyi kaleme ald\u0131. Bu hikayelerden \u201cAVCI\u201dda Sofya\u2019n\u0131n fethi, \u201cSUSUZ KALAN \u015eEHZADE\u201dde Padi\u015fah babas\u0131n\u0131n \u00f6l\u00fcm haberini alan\u00a0veliaht \u015fehzadenin birka\u00e7 yol arka\u015f\u0131yla yapt\u0131\u011f\u0131 yolculuk,\u00a0\u201cES\u0130R \u015eEHZADE\u201dde Y\u0131ld\u0131r\u0131m Bayezid\u2019in talihsiz o\u011flu\u00a0\u015eehzade Mustafa\u2019n\u0131n ba\u015f\u0131na gelenler, \u201c\u0130K\u0130 AKINCI\u201dda\u00a0\u00c7ald\u0131ran Sava\u015f\u0131\u2019nda \u015fehit d\u00fc\u015fen Malko\u00e7o\u011flu Ali Bey ile\u00a0karde\u015fi Malko\u00e7o\u011flu Tur Ali Bey, \u201cSAKA H\u00dcSEY\u0130N\u201dde\u00a0\u00c7anakkale Sava\u015f\u0131\u2019nda saka erlerinin ba\u015f\u0131na gelenler ve\u00a0\u201cH\u0130LAL VE HA\u00c7\u2019IN SAVA\u015eI\u201dnda ise 1. Ha\u00e7l\u0131 seferi i\u015flendi.\" \/>\n<meta property=\"og:url\" content=\"https:\/\/yazaryolu.com\/?product=tarihimizden-hikayeler\" \/>\n<meta property=\"og:site_name\" content=\"Yazar Yolu\" \/>\n<meta property=\"article:modified_time\" content=\"2026-05-14T13:11:02+00:00\" \/>\n<meta property=\"og:image\" content=\"https:\/\/yazaryolu.com\/wp-content\/uploads\/2026\/05\/wh_a14d5a483.jpg\" \/>\n\t<meta property=\"og:image:width\" content=\"220\" \/>\n\t<meta property=\"og:image:height\" content=\"373\" \/>\n\t<meta property=\"og:image:type\" content=\"image\/jpeg\" \/>\n<meta name=\"twitter:card\" content=\"summary_large_image\" \/>\n<meta name=\"twitter:label1\" content=\"Tahmini okuma s\u00fcresi\" \/>\n\t<meta name=\"twitter:data1\" content=\"1 dakika\" \/>\n<script type=\"application\/ld+json\" class=\"yoast-schema-graph\">{\"@context\":\"https:\\\/\\\/schema.org\",\"@graph\":[{\"@type\":\"WebPage\",\"@id\":\"https:\\\/\\\/yazaryolu.com\\\/?product=tarihimizden-hikayeler\",\"url\":\"https:\\\/\\\/yazaryolu.com\\\/?product=tarihimizden-hikayeler\",\"name\":\"Tarihimizden Hikayeler - Yazar Yolu\",\"isPartOf\":{\"@id\":\"https:\\\/\\\/yazaryolu.com\\\/#website\"},\"primaryImageOfPage\":{\"@id\":\"https:\\\/\\\/yazaryolu.com\\\/?product=tarihimizden-hikayeler#primaryimage\"},\"image\":{\"@id\":\"https:\\\/\\\/yazaryolu.com\\\/?product=tarihimizden-hikayeler#primaryimage\"},\"thumbnailUrl\":\"https:\\\/\\\/yazaryolu.com\\\/wp-content\\\/uploads\\\/2026\\\/05\\\/wh_a14d5a483.jpg\",\"datePublished\":\"2026-05-14T13:10:47+00:00\",\"dateModified\":\"2026-05-14T13:11:02+00:00\",\"breadcrumb\":{\"@id\":\"https:\\\/\\\/yazaryolu.com\\\/?product=tarihimizden-hikayeler#breadcrumb\"},\"inLanguage\":\"tr\",\"potentialAction\":[{\"@type\":\"ReadAction\",\"target\":[\"https:\\\/\\\/yazaryolu.com\\\/?product=tarihimizden-hikayeler\"]}]},{\"@type\":\"ImageObject\",\"inLanguage\":\"tr\",\"@id\":\"https:\\\/\\\/yazaryolu.com\\\/?product=tarihimizden-hikayeler#primaryimage\",\"url\":\"https:\\\/\\\/yazaryolu.com\\\/wp-content\\\/uploads\\\/2026\\\/05\\\/wh_a14d5a483.jpg\",\"contentUrl\":\"https:\\\/\\\/yazaryolu.com\\\/wp-content\\\/uploads\\\/2026\\\/05\\\/wh_a14d5a483.jpg\",\"width\":220,\"height\":373},{\"@type\":\"BreadcrumbList\",\"@id\":\"https:\\\/\\\/yazaryolu.com\\\/?product=tarihimizden-hikayeler#breadcrumb\",\"itemListElement\":[{\"@type\":\"ListItem\",\"position\":1,\"name\":\"Anasayfa\",\"item\":\"https:\\\/\\\/yazaryolu.com\\\/\"},{\"@type\":\"ListItem\",\"position\":2,\"name\":\"Ma\u011faza\",\"item\":\"https:\\\/\\\/yazaryolu.com\\\/?page_id=10\"},{\"@type\":\"ListItem\",\"position\":3,\"name\":\"Tarihimizden Hikayeler\"}]},{\"@type\":\"WebSite\",\"@id\":\"https:\\\/\\\/yazaryolu.com\\\/#website\",\"url\":\"https:\\\/\\\/yazaryolu.com\\\/\",\"name\":\"Yazar Yolu\",\"description\":\"Yazarl\u0131k Yolculu\u011funuzun Ba\u015flad\u0131\u011f\u0131 Yer\",\"potentialAction\":[{\"@type\":\"SearchAction\",\"target\":{\"@type\":\"EntryPoint\",\"urlTemplate\":\"https:\\\/\\\/yazaryolu.com\\\/?s={search_term_string}\"},\"query-input\":{\"@type\":\"PropertyValueSpecification\",\"valueRequired\":true,\"valueName\":\"search_term_string\"}}],\"inLanguage\":\"tr\"}]}<\/script>\n<!-- \/ Yoast SEO plugin. -->","yoast_head_json":{"title":"Tarihimizden Hikayeler - Yazar Yolu","robots":{"index":"index","follow":"follow","max-snippet":"max-snippet:-1","max-image-preview":"max-image-preview:large","max-video-preview":"max-video-preview:-1"},"canonical":"https:\/\/yazaryolu.com\/?product=tarihimizden-hikayeler","og_locale":"tr_TR","og_type":"article","og_title":"Tarihimizden Hikayeler - Yazar Yolu","og_description":"T\u00fcrkler tarih boyunca Asya\u2019n\u0131n hemen hemen tamam\u0131nda,\u00a0Avrupa\u2019n\u0131n bat\u0131 kesimleri hari\u00e7 en b\u00fcy\u00fck k\u0131sm\u0131nda, Afrika\u2019n\u0131n\u00a0kuzey yar\u0131s\u0131 ile do\u011fu k\u0131y\u0131lar\u0131nda, Basra K\u00f6rfezi\u2019nden\u00a0Arabistan \u00e7\u00f6llerine kadar uzanan b\u00fcy\u00fck bir alanda\u00a0de\u011fi\u015fik devirlerde hakimiyet kurmu\u015flard\u0131r. Tarihi Romanlar\u0131 ile tan\u0131nan Hasan Erdem, bu kitapta\u00a0d\u00fcnya tarihinde derin izler b\u0131rakan, Asya, Avrupa ve Afrika\u00a0medeniyetlerine katk\u0131 sunan T\u00fcrklerin tarihinden esinlenerek\u00a0gen\u00e7 okuyucular\u0131 i\u00e7in alt\u0131 tarih\u00ee hik\u00e2yeyi kaleme ald\u0131. Bu hikayelerden \u201cAVCI\u201dda Sofya\u2019n\u0131n fethi, \u201cSUSUZ KALAN \u015eEHZADE\u201dde Padi\u015fah babas\u0131n\u0131n \u00f6l\u00fcm haberini alan\u00a0veliaht \u015fehzadenin birka\u00e7 yol arka\u015f\u0131yla yapt\u0131\u011f\u0131 yolculuk,\u00a0\u201cES\u0130R \u015eEHZADE\u201dde Y\u0131ld\u0131r\u0131m Bayezid\u2019in talihsiz o\u011flu\u00a0\u015eehzade Mustafa\u2019n\u0131n ba\u015f\u0131na gelenler, \u201c\u0130K\u0130 AKINCI\u201dda\u00a0\u00c7ald\u0131ran Sava\u015f\u0131\u2019nda \u015fehit d\u00fc\u015fen Malko\u00e7o\u011flu Ali Bey ile\u00a0karde\u015fi Malko\u00e7o\u011flu Tur Ali Bey, \u201cSAKA H\u00dcSEY\u0130N\u201dde\u00a0\u00c7anakkale Sava\u015f\u0131\u2019nda saka erlerinin ba\u015f\u0131na gelenler ve\u00a0\u201cH\u0130LAL VE HA\u00c7\u2019IN SAVA\u015eI\u201dnda ise 1. Ha\u00e7l\u0131 seferi i\u015flendi.","og_url":"https:\/\/yazaryolu.com\/?product=tarihimizden-hikayeler","og_site_name":"Yazar Yolu","article_modified_time":"2026-05-14T13:11:02+00:00","og_image":[{"width":220,"height":373,"url":"https:\/\/yazaryolu.com\/wp-content\/uploads\/2026\/05\/wh_a14d5a483.jpg","type":"image\/jpeg"}],"twitter_card":"summary_large_image","twitter_misc":{"Tahmini okuma s\u00fcresi":"1 dakika"},"schema":{"@context":"https:\/\/schema.org","@graph":[{"@type":"WebPage","@id":"https:\/\/yazaryolu.com\/?product=tarihimizden-hikayeler","url":"https:\/\/yazaryolu.com\/?product=tarihimizden-hikayeler","name":"Tarihimizden Hikayeler - Yazar Yolu","isPartOf":{"@id":"https:\/\/yazaryolu.com\/#website"},"primaryImageOfPage":{"@id":"https:\/\/yazaryolu.com\/?product=tarihimizden-hikayeler#primaryimage"},"image":{"@id":"https:\/\/yazaryolu.com\/?product=tarihimizden-hikayeler#primaryimage"},"thumbnailUrl":"https:\/\/yazaryolu.com\/wp-content\/uploads\/2026\/05\/wh_a14d5a483.jpg","datePublished":"2026-05-14T13:10:47+00:00","dateModified":"2026-05-14T13:11:02+00:00","breadcrumb":{"@id":"https:\/\/yazaryolu.com\/?product=tarihimizden-hikayeler#breadcrumb"},"inLanguage":"tr","potentialAction":[{"@type":"ReadAction","target":["https:\/\/yazaryolu.com\/?product=tarihimizden-hikayeler"]}]},{"@type":"ImageObject","inLanguage":"tr","@id":"https:\/\/yazaryolu.com\/?product=tarihimizden-hikayeler#primaryimage","url":"https:\/\/yazaryolu.com\/wp-content\/uploads\/2026\/05\/wh_a14d5a483.jpg","contentUrl":"https:\/\/yazaryolu.com\/wp-content\/uploads\/2026\/05\/wh_a14d5a483.jpg","width":220,"height":373},{"@type":"BreadcrumbList","@id":"https:\/\/yazaryolu.com\/?product=tarihimizden-hikayeler#breadcrumb","itemListElement":[{"@type":"ListItem","position":1,"name":"Anasayfa","item":"https:\/\/yazaryolu.com\/"},{"@type":"ListItem","position":2,"name":"Ma\u011faza","item":"https:\/\/yazaryolu.com\/?page_id=10"},{"@type":"ListItem","position":3,"name":"Tarihimizden Hikayeler"}]},{"@type":"WebSite","@id":"https:\/\/yazaryolu.com\/#website","url":"https:\/\/yazaryolu.com\/","name":"Yazar Yolu","description":"Yazarl\u0131k Yolculu\u011funuzun Ba\u015flad\u0131\u011f\u0131 Yer","potentialAction":[{"@type":"SearchAction","target":{"@type":"EntryPoint","urlTemplate":"https:\/\/yazaryolu.com\/?s={search_term_string}"},"query-input":{"@type":"PropertyValueSpecification","valueRequired":true,"valueName":"search_term_string"}}],"inLanguage":"tr"}]}},"jetpack_sharing_enabled":true,"_links":{"self":[{"href":"https:\/\/yazaryolu.com\/index.php?rest_route=\/wp\/v2\/product\/5247","targetHints":{"allow":["GET"]}}],"collection":[{"href":"https:\/\/yazaryolu.com\/index.php?rest_route=\/wp\/v2\/product"}],"about":[{"href":"https:\/\/yazaryolu.com\/index.php?rest_route=\/wp\/v2\/types\/product"}],"replies":[{"embeddable":true,"href":"https:\/\/yazaryolu.com\/index.php?rest_route=%2Fwp%2Fv2%2Fcomments&post=5247"}],"wp:featuredmedia":[{"embeddable":true,"href":"https:\/\/yazaryolu.com\/index.php?rest_route=\/wp\/v2\/media\/5248"}],"wp:attachment":[{"href":"https:\/\/yazaryolu.com\/index.php?rest_route=%2Fwp%2Fv2%2Fmedia&parent=5247"}],"wp:term":[{"taxonomy":"product_brand","embeddable":true,"href":"https:\/\/yazaryolu.com\/index.php?rest_route=%2Fwp%2Fv2%2Fproduct_brand&post=5247"},{"taxonomy":"product_cat","embeddable":true,"href":"https:\/\/yazaryolu.com\/index.php?rest_route=%2Fwp%2Fv2%2Fproduct_cat&post=5247"},{"taxonomy":"product_tag","embeddable":true,"href":"https:\/\/yazaryolu.com\/index.php?rest_route=%2Fwp%2Fv2%2Fproduct_tag&post=5247"}],"curies":[{"name":"wp","href":"https:\/\/api.w.org\/{rel}","templated":true}]}}