{"id":5446,"date":"2026-09-01T13:58:45","date_gmt":"2026-09-01T10:58:45","guid":{"rendered":"https:\/\/yazaryolu.com\/?post_type=product&#038;p=5446"},"modified":"2026-09-01T13:58:46","modified_gmt":"2026-09-01T10:58:46","slug":"guvercinin-gozyaslari","status":"publish","type":"product","link":"https:\/\/yazaryolu.com\/?product=guvercinin-gozyaslari","title":{"rendered":"G\u00fcvercinin G\u00f6zya\u015flar\u0131"},"content":{"rendered":"<p><strong>YAZARIN KISA \u00d6ZGE\u00c7M\u0130\u015e\u0130<\/strong><\/p>\n<p>1958 y\u0131l\u0131nda Elaz\u0131\u011f Merkez Harmantepe k\u00f6y\u00fcnde, d\u00f6rt \u00e7ocuklu bir ailenin ikinci \u00e7ocu\u011fu olarak do\u011fdu.<\/p>\n<p>\u0130lkokulu k\u00f6y\u00fcndeki ilkokulda, ortaokulu Elaz\u0131\u011f Mezre Ortaokulu&#8217;nda, liseyi Elaz\u0131\u011f Atat\u00fcrk Lisesi&#8217;nde bitirdi. 1976 y\u0131l\u0131nda Buca E\u011fitim Enstit\u00fcs\u00fc Matematik B\u00f6l\u00fcm\u00fcne girdi ve 1980 y\u0131l\u0131nda bu okulu bitirerek, ayn\u0131 y\u0131l (1980) \u015eanl\u0131urfa Bozova Lisesinde, Matematik \u00f6\u011fretmeni olarak g\u00f6reve ba\u015flad\u0131. Burada \u00e7al\u0131\u015ft\u0131\u011f\u0131 s\u00fcre i\u00e7erisinde, okul M\u00fcd\u00fcrl\u00fc\u011f\u00fc yan\u0131nda \u0130l\u00e7e Milli E\u011fitim M\u00fcd\u00fcrl\u00fc\u011f\u00fc g\u00f6revlerinde bulundu. Yine ayn\u0131 il\u00e7ede; \u00f6\u011fretmen olan Nuray (Kaya) Han\u0131m ile 1986 y\u0131l\u0131nda evlendi. Burak K\u00fcr\u015fad ve Selver Tuba ad\u0131nda iki \u00e7ocuklar\u0131 oldu.<\/p>\n<p>1989 y\u0131l\u0131nda kendi iste\u011fi ile Elaz\u0131\u011f&#8217;a tayin istedi. Elaz\u0131\u011f Merkez il\u00e7esindeki; Atat\u00fcrk Ortaokulu&#8217;nda, \u00d6\u011fretmenevi&#8217;nde ve Balakgazi Lisesinde kurum m\u00fcd\u00fcr yard\u0131mc\u0131s\u0131 ve kurum m\u00fcd\u00fcr\u00fc olarak g\u00f6rev yapt\u0131.<\/p>\n<p>2006 y\u0131l\u0131n\u0131n Temmuz ay\u0131nda, kendi iste\u011fi ile Devlet memurlu\u011fu g\u00f6revinden emekli oldu. Elaz\u0131\u011f&#8217;da bulunan \u00f6zel \u00f6\u011fretim kurumlar\u0131nda \u00e7al\u0131\u015fmaya ba\u015flad\u0131. 2 y\u0131l dershane m\u00fcd\u00fcrl\u00fc\u011f\u00fc, 15 y\u0131l Elaz\u0131\u011f&#8217;da bulunan Bilgem (6 y\u0131l) ve Final (9 y\u0131l) Kolejlerinde lise m\u00fcd\u00fcr\u00fc olarak g\u00f6rev yapt\u0131 ve kendi iste\u011fi ile 2023 y\u0131l\u0131n\u0131n Temmuz ay\u0131nda emekli oldu.<\/p>\n<p>\u00c7ocuklar\u0131 ve torunlar\u0131 (Ediz Ka\u011fan ve Zafer) Bursa&#8217;da ya\u015fad\u0131\u011f\u0131 i\u00e7in 2024 y\u0131l\u0131n\u0131n A\u011fustos ay\u0131nda bu ile ta\u015f\u0131nd\u0131.<\/p>\n<p>Yakla\u015f\u0131k 44 y\u0131ll\u0131k mesleki hayat\u0131 boyunca &#8220;insana hizmet&#8221; inanc\u0131n\u0131 canl\u0131 tutarak elde etti\u011fi bilgi ve birikimlerini yazarak insanlara aktarma hedefini canl\u0131 tuttu. Bu d\u00fc\u015f\u00fcncelerle \u015fiir, hikaye ve e\u011fitime y\u00f6nelik yazd\u0131klar\u0131n\u0131, emekli olduktan sonra kal\u0131c\u0131 hale getirmek \u00fczere ilk \u015fiir kitab\u0131 olarak MERHAMET adl\u0131 bu \u015fiir kitab\u0131n\u0131 d\u00fczenledi ve siz de\u011ferli okurlar\u0131 ile bulu\u015fturdu. Yazmaya devam etti\u011fi i\u00e7in \u00c7ARES\u0130Z DE\u011e\u0130LS\u0130N ikinci \u015fiir kitab\u0131 ve G\u00dcVERC\u0130N\u0130N G\u00d6ZYA\u015eLARI adl\u0131 hikaye kitaplar\u0131n\u0131 da okuyucular\u0131 ile bulu\u015fturdu.<\/p>\n<p>Yazmaya devam diyerek, di\u011fer eserlerini de yak\u0131n zamanda siz k\u0131ymetli okurlar\u0131 ile bulu\u015fturacakt\u0131r.<\/p>\n<p><em>El\u00e2z\u0131\u011f<\/em><\/p>\n<p><em>05.04.2022<\/em><\/p>\n","protected":false},"excerpt":{"rendered":"<p>YAZARIN KISA \u00d6ZGE\u00c7M\u0130\u015e\u0130 1958 y\u0131l\u0131nda Elaz\u0131\u011f Merkez Harmantepe k\u00f6y\u00fcnde, d\u00f6rt \u00e7ocuklu bir ailenin ikinci \u00e7ocu\u011fu olarak do\u011fdu. \u0130lkokulu k\u00f6y\u00fcndeki ilkokulda, ortaokulu Elaz\u0131\u011f Mezre Ortaokulu&#8217;nda, liseyi Elaz\u0131\u011f Atat\u00fcrk Lisesi&#8217;nde bitirdi. 1976 y\u0131l\u0131nda Buca E\u011fitim Enstit\u00fcs\u00fc Matematik B\u00f6l\u00fcm\u00fcne girdi ve 1980 y\u0131l\u0131nda bu okulu bitirerek, ayn\u0131 y\u0131l (1980) \u015eanl\u0131urfa Bozova Lisesinde, Matematik \u00f6\u011fretmeni olarak g\u00f6reve ba\u015flad\u0131. Burada \u00e7al\u0131\u015ft\u0131\u011f\u0131 s\u00fcre i\u00e7erisinde, okul M\u00fcd\u00fcrl\u00fc\u011f\u00fc yan\u0131nda \u0130l\u00e7e Milli E\u011fitim M\u00fcd\u00fcrl\u00fc\u011f\u00fc g\u00f6revlerinde bulundu. Yine ayn\u0131 il\u00e7ede; \u00f6\u011fretmen olan Nuray (Kaya) Han\u0131m ile 1986 y\u0131l\u0131nda evlendi. Burak K\u00fcr\u015fad ve Selver Tuba ad\u0131nda iki \u00e7ocuklar\u0131 oldu. 1989 y\u0131l\u0131nda kendi iste\u011fi ile Elaz\u0131\u011f&#8217;a tayin istedi. Elaz\u0131\u011f Merkez il\u00e7esindeki; Atat\u00fcrk Ortaokulu&#8217;nda, \u00d6\u011fretmenevi&#8217;nde ve Balakgazi Lisesinde kurum m\u00fcd\u00fcr yard\u0131mc\u0131s\u0131 ve kurum m\u00fcd\u00fcr\u00fc olarak g\u00f6rev yapt\u0131. 2006 y\u0131l\u0131n\u0131n Temmuz ay\u0131nda, kendi iste\u011fi ile Devlet memurlu\u011fu g\u00f6revinden emekli oldu. Elaz\u0131\u011f&#8217;da bulunan \u00f6zel \u00f6\u011fretim kurumlar\u0131nda \u00e7al\u0131\u015fmaya ba\u015flad\u0131. 2 y\u0131l dershane m\u00fcd\u00fcrl\u00fc\u011f\u00fc, 15 y\u0131l Elaz\u0131\u011f&#8217;da bulunan Bilgem (6 y\u0131l) ve Final (9 y\u0131l) Kolejlerinde lise m\u00fcd\u00fcr\u00fc olarak g\u00f6rev yapt\u0131 ve kendi iste\u011fi ile 2023 y\u0131l\u0131n\u0131n Temmuz ay\u0131nda emekli oldu. \u00c7ocuklar\u0131 ve torunlar\u0131 (Ediz Ka\u011fan ve Zafer) Bursa&#8217;da ya\u015fad\u0131\u011f\u0131 i\u00e7in 2024 y\u0131l\u0131n\u0131n A\u011fustos ay\u0131nda bu ile ta\u015f\u0131nd\u0131. Yakla\u015f\u0131k 44 y\u0131ll\u0131k mesleki hayat\u0131 boyunca &#8220;insana hizmet&#8221; inanc\u0131n\u0131 canl\u0131 tutarak elde etti\u011fi bilgi ve birikimlerini yazarak insanlara aktarma hedefini canl\u0131 tuttu. Bu d\u00fc\u015f\u00fcncelerle \u015fiir, hikaye ve e\u011fitime y\u00f6nelik yazd\u0131klar\u0131n\u0131, emekli olduktan sonra kal\u0131c\u0131 hale getirmek \u00fczere ilk \u015fiir kitab\u0131 olarak MERHAMET adl\u0131 bu \u015fiir kitab\u0131n\u0131 d\u00fczenledi ve siz de\u011ferli okurlar\u0131 ile bulu\u015fturdu. Yazmaya devam etti\u011fi i\u00e7in \u00c7ARES\u0130Z DE\u011e\u0130LS\u0130N ikinci \u015fiir kitab\u0131 ve G\u00dcVERC\u0130N\u0130N G\u00d6ZYA\u015eLARI adl\u0131 hikaye kitaplar\u0131n\u0131 da okuyucular\u0131 ile bulu\u015fturdu. Yazmaya devam diyerek, di\u011fer eserlerini de yak\u0131n zamanda siz k\u0131ymetli okurlar\u0131 ile bulu\u015fturacakt\u0131r. El\u00e2z\u0131\u011f 05.04.2022<\/p>\n","protected":false},"featured_media":5447,"comment_status":"open","ping_status":"closed","template":"","meta":[],"product_brand":[281],"product_cat":[210,400,493],"product_tag":[],"class_list":["post-5446","product","type-product","status-publish","has-post-thumbnail","product_brand-gunesyolu","product_cat-cocuk-kitabi","product_cat-hikaye-oyku","product_cat-oyku","pa_yazar-turgay-turgut","first","instock","sale","featured","shipping-taxable","purchasable","product-type-simple"],"yoast_head":"<!-- This site is optimized with the Yoast SEO plugin v28.4 - https:\/\/yoast.com\/product\/yoast-seo-wordpress\/ -->\n<title>G\u00fcvercinin G\u00f6zya\u015flar\u0131 - Yazar Yolu<\/title>\n<meta name=\"robots\" content=\"index, follow, max-snippet:-1, max-image-preview:large, max-video-preview:-1\" \/>\n<link rel=\"canonical\" href=\"https:\/\/yazaryolu.com\/?product=guvercinin-gozyaslari\" \/>\n<meta property=\"og:locale\" content=\"tr_TR\" \/>\n<meta property=\"og:type\" content=\"article\" \/>\n<meta property=\"og:title\" content=\"G\u00fcvercinin G\u00f6zya\u015flar\u0131 - Yazar Yolu\" \/>\n<meta property=\"og:description\" content=\"YAZARIN KISA \u00d6ZGE\u00c7M\u0130\u015e\u0130 1958 y\u0131l\u0131nda Elaz\u0131\u011f Merkez Harmantepe k\u00f6y\u00fcnde, d\u00f6rt \u00e7ocuklu bir ailenin ikinci \u00e7ocu\u011fu olarak do\u011fdu. \u0130lkokulu k\u00f6y\u00fcndeki ilkokulda, ortaokulu Elaz\u0131\u011f Mezre Ortaokulu&#8217;nda, liseyi Elaz\u0131\u011f Atat\u00fcrk Lisesi&#8217;nde bitirdi. 1976 y\u0131l\u0131nda Buca E\u011fitim Enstit\u00fcs\u00fc Matematik B\u00f6l\u00fcm\u00fcne girdi ve 1980 y\u0131l\u0131nda bu okulu bitirerek, ayn\u0131 y\u0131l (1980) \u015eanl\u0131urfa Bozova Lisesinde, Matematik \u00f6\u011fretmeni olarak g\u00f6reve ba\u015flad\u0131. Burada \u00e7al\u0131\u015ft\u0131\u011f\u0131 s\u00fcre i\u00e7erisinde, okul M\u00fcd\u00fcrl\u00fc\u011f\u00fc yan\u0131nda \u0130l\u00e7e Milli E\u011fitim M\u00fcd\u00fcrl\u00fc\u011f\u00fc g\u00f6revlerinde bulundu. Yine ayn\u0131 il\u00e7ede; \u00f6\u011fretmen olan Nuray (Kaya) Han\u0131m ile 1986 y\u0131l\u0131nda evlendi. Burak K\u00fcr\u015fad ve Selver Tuba ad\u0131nda iki \u00e7ocuklar\u0131 oldu. 1989 y\u0131l\u0131nda kendi iste\u011fi ile Elaz\u0131\u011f&#8217;a tayin istedi. Elaz\u0131\u011f Merkez il\u00e7esindeki; Atat\u00fcrk Ortaokulu&#8217;nda, \u00d6\u011fretmenevi&#8217;nde ve Balakgazi Lisesinde kurum m\u00fcd\u00fcr yard\u0131mc\u0131s\u0131 ve kurum m\u00fcd\u00fcr\u00fc olarak g\u00f6rev yapt\u0131. 2006 y\u0131l\u0131n\u0131n Temmuz ay\u0131nda, kendi iste\u011fi ile Devlet memurlu\u011fu g\u00f6revinden emekli oldu. Elaz\u0131\u011f&#8217;da bulunan \u00f6zel \u00f6\u011fretim kurumlar\u0131nda \u00e7al\u0131\u015fmaya ba\u015flad\u0131. 2 y\u0131l dershane m\u00fcd\u00fcrl\u00fc\u011f\u00fc, 15 y\u0131l Elaz\u0131\u011f&#8217;da bulunan Bilgem (6 y\u0131l) ve Final (9 y\u0131l) Kolejlerinde lise m\u00fcd\u00fcr\u00fc olarak g\u00f6rev yapt\u0131 ve kendi iste\u011fi ile 2023 y\u0131l\u0131n\u0131n Temmuz ay\u0131nda emekli oldu. \u00c7ocuklar\u0131 ve torunlar\u0131 (Ediz Ka\u011fan ve Zafer) Bursa&#8217;da ya\u015fad\u0131\u011f\u0131 i\u00e7in 2024 y\u0131l\u0131n\u0131n A\u011fustos ay\u0131nda bu ile ta\u015f\u0131nd\u0131. Yakla\u015f\u0131k 44 y\u0131ll\u0131k mesleki hayat\u0131 boyunca &#8220;insana hizmet&#8221; inanc\u0131n\u0131 canl\u0131 tutarak elde etti\u011fi bilgi ve birikimlerini yazarak insanlara aktarma hedefini canl\u0131 tuttu. Bu d\u00fc\u015f\u00fcncelerle \u015fiir, hikaye ve e\u011fitime y\u00f6nelik yazd\u0131klar\u0131n\u0131, emekli olduktan sonra kal\u0131c\u0131 hale getirmek \u00fczere ilk \u015fiir kitab\u0131 olarak MERHAMET adl\u0131 bu \u015fiir kitab\u0131n\u0131 d\u00fczenledi ve siz de\u011ferli okurlar\u0131 ile bulu\u015fturdu. Yazmaya devam etti\u011fi i\u00e7in \u00c7ARES\u0130Z DE\u011e\u0130LS\u0130N ikinci \u015fiir kitab\u0131 ve G\u00dcVERC\u0130N\u0130N G\u00d6ZYA\u015eLARI adl\u0131 hikaye kitaplar\u0131n\u0131 da okuyucular\u0131 ile bulu\u015fturdu. Yazmaya devam diyerek, di\u011fer eserlerini de yak\u0131n zamanda siz k\u0131ymetli okurlar\u0131 ile bulu\u015fturacakt\u0131r. El\u00e2z\u0131\u011f 05.04.2022\" \/>\n<meta property=\"og:url\" content=\"https:\/\/yazaryolu.com\/?product=guvercinin-gozyaslari\" \/>\n<meta property=\"og:site_name\" content=\"Yazar Yolu\" \/>\n<meta property=\"article:modified_time\" content=\"2026-09-01T10:58:46+00:00\" \/>\n<meta property=\"og:image\" content=\"https:\/\/yazaryolu.com\/wp-content\/uploads\/2026\/09\/egerge.png\" \/>\n\t<meta property=\"og:image:width\" content=\"480\" \/>\n\t<meta property=\"og:image:height\" content=\"766\" \/>\n\t<meta property=\"og:image:type\" content=\"image\/png\" \/>\n<meta name=\"twitter:card\" content=\"summary_large_image\" \/>\n<meta name=\"twitter:label1\" content=\"Tahmini okuma s\u00fcresi\" \/>\n\t<meta name=\"twitter:data1\" content=\"2 dakika\" \/>\n<script type=\"application\/ld+json\" class=\"yoast-schema-graph\">{\"@context\":\"https:\\\/\\\/schema.org\",\"@graph\":[{\"@type\":\"WebPage\",\"@id\":\"https:\\\/\\\/yazaryolu.com\\\/?product=guvercinin-gozyaslari\",\"url\":\"https:\\\/\\\/yazaryolu.com\\\/?product=guvercinin-gozyaslari\",\"name\":\"G\u00fcvercinin G\u00f6zya\u015flar\u0131 - Yazar Yolu\",\"isPartOf\":{\"@id\":\"https:\\\/\\\/yazaryolu.com\\\/#website\"},\"primaryImageOfPage\":{\"@id\":\"https:\\\/\\\/yazaryolu.com\\\/?product=guvercinin-gozyaslari#primaryimage\"},\"image\":{\"@id\":\"https:\\\/\\\/yazaryolu.com\\\/?product=guvercinin-gozyaslari#primaryimage\"},\"thumbnailUrl\":\"https:\\\/\\\/yazaryolu.com\\\/wp-content\\\/uploads\\\/2026\\\/09\\\/egerge.png\",\"datePublished\":\"2026-09-01T10:58:45+00:00\",\"dateModified\":\"2026-09-01T10:58:46+00:00\",\"breadcrumb\":{\"@id\":\"https:\\\/\\\/yazaryolu.com\\\/?product=guvercinin-gozyaslari#breadcrumb\"},\"inLanguage\":\"tr\",\"potentialAction\":[{\"@type\":\"ReadAction\",\"target\":[\"https:\\\/\\\/yazaryolu.com\\\/?product=guvercinin-gozyaslari\"]}]},{\"@type\":\"ImageObject\",\"inLanguage\":\"tr\",\"@id\":\"https:\\\/\\\/yazaryolu.com\\\/?product=guvercinin-gozyaslari#primaryimage\",\"url\":\"https:\\\/\\\/yazaryolu.com\\\/wp-content\\\/uploads\\\/2026\\\/09\\\/egerge.png\",\"contentUrl\":\"https:\\\/\\\/yazaryolu.com\\\/wp-content\\\/uploads\\\/2026\\\/09\\\/egerge.png\",\"width\":480,\"height\":766},{\"@type\":\"BreadcrumbList\",\"@id\":\"https:\\\/\\\/yazaryolu.com\\\/?product=guvercinin-gozyaslari#breadcrumb\",\"itemListElement\":[{\"@type\":\"ListItem\",\"position\":1,\"name\":\"Anasayfa\",\"item\":\"https:\\\/\\\/yazaryolu.com\\\/\"},{\"@type\":\"ListItem\",\"position\":2,\"name\":\"Ma\u011faza\",\"item\":\"https:\\\/\\\/yazaryolu.com\\\/?page_id=10\"},{\"@type\":\"ListItem\",\"position\":3,\"name\":\"G\u00fcvercinin G\u00f6zya\u015flar\u0131\"}]},{\"@type\":\"WebSite\",\"@id\":\"https:\\\/\\\/yazaryolu.com\\\/#website\",\"url\":\"https:\\\/\\\/yazaryolu.com\\\/\",\"name\":\"Yazar Yolu\",\"description\":\"Yazarl\u0131k Yolculu\u011funuzun Ba\u015flad\u0131\u011f\u0131 Yer\",\"potentialAction\":[{\"@type\":\"SearchAction\",\"target\":{\"@type\":\"EntryPoint\",\"urlTemplate\":\"https:\\\/\\\/yazaryolu.com\\\/?s={search_term_string}\"},\"query-input\":{\"@type\":\"PropertyValueSpecification\",\"valueRequired\":true,\"valueName\":\"search_term_string\"}}],\"inLanguage\":\"tr\"}]}<\/script>\n<!-- \/ Yoast SEO plugin. -->","yoast_head_json":{"title":"G\u00fcvercinin G\u00f6zya\u015flar\u0131 - Yazar Yolu","robots":{"index":"index","follow":"follow","max-snippet":"max-snippet:-1","max-image-preview":"max-image-preview:large","max-video-preview":"max-video-preview:-1"},"canonical":"https:\/\/yazaryolu.com\/?product=guvercinin-gozyaslari","og_locale":"tr_TR","og_type":"article","og_title":"G\u00fcvercinin G\u00f6zya\u015flar\u0131 - Yazar Yolu","og_description":"YAZARIN KISA \u00d6ZGE\u00c7M\u0130\u015e\u0130 1958 y\u0131l\u0131nda Elaz\u0131\u011f Merkez Harmantepe k\u00f6y\u00fcnde, d\u00f6rt \u00e7ocuklu bir ailenin ikinci \u00e7ocu\u011fu olarak do\u011fdu. \u0130lkokulu k\u00f6y\u00fcndeki ilkokulda, ortaokulu Elaz\u0131\u011f Mezre Ortaokulu&#8217;nda, liseyi Elaz\u0131\u011f Atat\u00fcrk Lisesi&#8217;nde bitirdi. 1976 y\u0131l\u0131nda Buca E\u011fitim Enstit\u00fcs\u00fc Matematik B\u00f6l\u00fcm\u00fcne girdi ve 1980 y\u0131l\u0131nda bu okulu bitirerek, ayn\u0131 y\u0131l (1980) \u015eanl\u0131urfa Bozova Lisesinde, Matematik \u00f6\u011fretmeni olarak g\u00f6reve ba\u015flad\u0131. Burada \u00e7al\u0131\u015ft\u0131\u011f\u0131 s\u00fcre i\u00e7erisinde, okul M\u00fcd\u00fcrl\u00fc\u011f\u00fc yan\u0131nda \u0130l\u00e7e Milli E\u011fitim M\u00fcd\u00fcrl\u00fc\u011f\u00fc g\u00f6revlerinde bulundu. Yine ayn\u0131 il\u00e7ede; \u00f6\u011fretmen olan Nuray (Kaya) Han\u0131m ile 1986 y\u0131l\u0131nda evlendi. Burak K\u00fcr\u015fad ve Selver Tuba ad\u0131nda iki \u00e7ocuklar\u0131 oldu. 1989 y\u0131l\u0131nda kendi iste\u011fi ile Elaz\u0131\u011f&#8217;a tayin istedi. Elaz\u0131\u011f Merkez il\u00e7esindeki; Atat\u00fcrk Ortaokulu&#8217;nda, \u00d6\u011fretmenevi&#8217;nde ve Balakgazi Lisesinde kurum m\u00fcd\u00fcr yard\u0131mc\u0131s\u0131 ve kurum m\u00fcd\u00fcr\u00fc olarak g\u00f6rev yapt\u0131. 2006 y\u0131l\u0131n\u0131n Temmuz ay\u0131nda, kendi iste\u011fi ile Devlet memurlu\u011fu g\u00f6revinden emekli oldu. Elaz\u0131\u011f&#8217;da bulunan \u00f6zel \u00f6\u011fretim kurumlar\u0131nda \u00e7al\u0131\u015fmaya ba\u015flad\u0131. 2 y\u0131l dershane m\u00fcd\u00fcrl\u00fc\u011f\u00fc, 15 y\u0131l Elaz\u0131\u011f&#8217;da bulunan Bilgem (6 y\u0131l) ve Final (9 y\u0131l) Kolejlerinde lise m\u00fcd\u00fcr\u00fc olarak g\u00f6rev yapt\u0131 ve kendi iste\u011fi ile 2023 y\u0131l\u0131n\u0131n Temmuz ay\u0131nda emekli oldu. \u00c7ocuklar\u0131 ve torunlar\u0131 (Ediz Ka\u011fan ve Zafer) Bursa&#8217;da ya\u015fad\u0131\u011f\u0131 i\u00e7in 2024 y\u0131l\u0131n\u0131n A\u011fustos ay\u0131nda bu ile ta\u015f\u0131nd\u0131. Yakla\u015f\u0131k 44 y\u0131ll\u0131k mesleki hayat\u0131 boyunca &#8220;insana hizmet&#8221; inanc\u0131n\u0131 canl\u0131 tutarak elde etti\u011fi bilgi ve birikimlerini yazarak insanlara aktarma hedefini canl\u0131 tuttu. Bu d\u00fc\u015f\u00fcncelerle \u015fiir, hikaye ve e\u011fitime y\u00f6nelik yazd\u0131klar\u0131n\u0131, emekli olduktan sonra kal\u0131c\u0131 hale getirmek \u00fczere ilk \u015fiir kitab\u0131 olarak MERHAMET adl\u0131 bu \u015fiir kitab\u0131n\u0131 d\u00fczenledi ve siz de\u011ferli okurlar\u0131 ile bulu\u015fturdu. Yazmaya devam etti\u011fi i\u00e7in \u00c7ARES\u0130Z DE\u011e\u0130LS\u0130N ikinci \u015fiir kitab\u0131 ve G\u00dcVERC\u0130N\u0130N G\u00d6ZYA\u015eLARI adl\u0131 hikaye kitaplar\u0131n\u0131 da okuyucular\u0131 ile bulu\u015fturdu. Yazmaya devam diyerek, di\u011fer eserlerini de yak\u0131n zamanda siz k\u0131ymetli okurlar\u0131 ile bulu\u015fturacakt\u0131r. El\u00e2z\u0131\u011f 05.04.2022","og_url":"https:\/\/yazaryolu.com\/?product=guvercinin-gozyaslari","og_site_name":"Yazar Yolu","article_modified_time":"2026-09-01T10:58:46+00:00","og_image":[{"width":480,"height":766,"url":"https:\/\/yazaryolu.com\/wp-content\/uploads\/2026\/09\/egerge.png","type":"image\/png"}],"twitter_card":"summary_large_image","twitter_misc":{"Tahmini okuma s\u00fcresi":"2 dakika"},"schema":{"@context":"https:\/\/schema.org","@graph":[{"@type":"WebPage","@id":"https:\/\/yazaryolu.com\/?product=guvercinin-gozyaslari","url":"https:\/\/yazaryolu.com\/?product=guvercinin-gozyaslari","name":"G\u00fcvercinin G\u00f6zya\u015flar\u0131 - Yazar Yolu","isPartOf":{"@id":"https:\/\/yazaryolu.com\/#website"},"primaryImageOfPage":{"@id":"https:\/\/yazaryolu.com\/?product=guvercinin-gozyaslari#primaryimage"},"image":{"@id":"https:\/\/yazaryolu.com\/?product=guvercinin-gozyaslari#primaryimage"},"thumbnailUrl":"https:\/\/yazaryolu.com\/wp-content\/uploads\/2026\/09\/egerge.png","datePublished":"2026-09-01T10:58:45+00:00","dateModified":"2026-09-01T10:58:46+00:00","breadcrumb":{"@id":"https:\/\/yazaryolu.com\/?product=guvercinin-gozyaslari#breadcrumb"},"inLanguage":"tr","potentialAction":[{"@type":"ReadAction","target":["https:\/\/yazaryolu.com\/?product=guvercinin-gozyaslari"]}]},{"@type":"ImageObject","inLanguage":"tr","@id":"https:\/\/yazaryolu.com\/?product=guvercinin-gozyaslari#primaryimage","url":"https:\/\/yazaryolu.com\/wp-content\/uploads\/2026\/09\/egerge.png","contentUrl":"https:\/\/yazaryolu.com\/wp-content\/uploads\/2026\/09\/egerge.png","width":480,"height":766},{"@type":"BreadcrumbList","@id":"https:\/\/yazaryolu.com\/?product=guvercinin-gozyaslari#breadcrumb","itemListElement":[{"@type":"ListItem","position":1,"name":"Anasayfa","item":"https:\/\/yazaryolu.com\/"},{"@type":"ListItem","position":2,"name":"Ma\u011faza","item":"https:\/\/yazaryolu.com\/?page_id=10"},{"@type":"ListItem","position":3,"name":"G\u00fcvercinin G\u00f6zya\u015flar\u0131"}]},{"@type":"WebSite","@id":"https:\/\/yazaryolu.com\/#website","url":"https:\/\/yazaryolu.com\/","name":"Yazar Yolu","description":"Yazarl\u0131k Yolculu\u011funuzun Ba\u015flad\u0131\u011f\u0131 Yer","potentialAction":[{"@type":"SearchAction","target":{"@type":"EntryPoint","urlTemplate":"https:\/\/yazaryolu.com\/?s={search_term_string}"},"query-input":{"@type":"PropertyValueSpecification","valueRequired":true,"valueName":"search_term_string"}}],"inLanguage":"tr"}]}},"jetpack_sharing_enabled":true,"_links":{"self":[{"href":"https:\/\/yazaryolu.com\/index.php?rest_route=\/wp\/v2\/product\/5446","targetHints":{"allow":["GET"]}}],"collection":[{"href":"https:\/\/yazaryolu.com\/index.php?rest_route=\/wp\/v2\/product"}],"about":[{"href":"https:\/\/yazaryolu.com\/index.php?rest_route=\/wp\/v2\/types\/product"}],"replies":[{"embeddable":true,"href":"https:\/\/yazaryolu.com\/index.php?rest_route=%2Fwp%2Fv2%2Fcomments&post=5446"}],"wp:featuredmedia":[{"embeddable":true,"href":"https:\/\/yazaryolu.com\/index.php?rest_route=\/wp\/v2\/media\/5447"}],"wp:attachment":[{"href":"https:\/\/yazaryolu.com\/index.php?rest_route=%2Fwp%2Fv2%2Fmedia&parent=5446"}],"wp:term":[{"taxonomy":"product_brand","embeddable":true,"href":"https:\/\/yazaryolu.com\/index.php?rest_route=%2Fwp%2Fv2%2Fproduct_brand&post=5446"},{"taxonomy":"product_cat","embeddable":true,"href":"https:\/\/yazaryolu.com\/index.php?rest_route=%2Fwp%2Fv2%2Fproduct_cat&post=5446"},{"taxonomy":"product_tag","embeddable":true,"href":"https:\/\/yazaryolu.com\/index.php?rest_route=%2Fwp%2Fv2%2Fproduct_tag&post=5446"}],"curies":[{"name":"wp","href":"https:\/\/api.w.org\/{rel}","templated":true}]}}